{"id":3624,"date":"2023-03-23T09:59:13","date_gmt":"2023-03-23T09:59:13","guid":{"rendered":"https:\/\/eyetech.ch\/protection-des-donnees\/"},"modified":"2023-07-21T14:04:00","modified_gmt":"2023-07-21T14:04:00","slug":"protection-des-donnees","status":"publish","type":"page","link":"https:\/\/eyetech.ch\/fr\/protection-des-donnees\/","title":{"rendered":"Protection des donn\u00e9es"},"content":{"rendered":"\t\t<div data-elementor-type=\"wp-page\" data-elementor-id=\"3624\" class=\"elementor elementor-3624 elementor-1477\" data-elementor-post-type=\"page\">\n\t\t\t\t\t\t<section class=\"elementor-section elementor-top-section elementor-element elementor-element-1cc88b0 elementor-section-boxed elementor-section-height-default elementor-section-height-default\" data-id=\"1cc88b0\" data-element_type=\"section\" data-e-type=\"section\">\n\t\t\t\t\t\t<div class=\"elementor-container elementor-column-gap-default\">\n\t\t\t\t\t<div class=\"elementor-column elementor-col-100 elementor-top-column elementor-element elementor-element-e40c678\" data-id=\"e40c678\" data-element_type=\"column\" data-e-type=\"column\">\n\t\t\t<div class=\"elementor-widget-wrap elementor-element-populated\">\n\t\t\t\t\t\t<div class=\"elementor-element elementor-element-1b86fd8 elementor-widget elementor-widget-heading\" data-id=\"1b86fd8\" data-element_type=\"widget\" data-e-type=\"widget\" data-widget_type=\"heading.default\">\n\t\t\t\t<div class=\"elementor-widget-container\">\n\t\t\t\t\t<h1 class=\"elementor-heading-title elementor-size-default\">Protection des donn\u00e9es<\/h1>\t\t\t\t<\/div>\n\t\t\t\t<\/div>\n\t\t\t\t\t<\/div>\n\t\t<\/div>\n\t\t\t\t\t<\/div>\n\t\t<\/section>\n\t\t\t\t<section class=\"elementor-section elementor-top-section elementor-element elementor-element-4a81d7e elementor-section-boxed elementor-section-height-default elementor-section-height-default\" data-id=\"4a81d7e\" data-element_type=\"section\" data-e-type=\"section\">\n\t\t\t\t\t\t<div class=\"elementor-container elementor-column-gap-default\">\n\t\t\t\t\t<div class=\"elementor-column elementor-col-100 elementor-top-column elementor-element elementor-element-d85ee7a\" data-id=\"d85ee7a\" data-element_type=\"column\" data-e-type=\"column\">\n\t\t\t<div class=\"elementor-widget-wrap elementor-element-populated\">\n\t\t\t\t\t\t<div class=\"elementor-element elementor-element-df128cb elementor-widget elementor-widget-text-editor\" data-id=\"df128cb\" data-element_type=\"widget\" data-e-type=\"widget\" data-widget_type=\"text-editor.default\">\n\t\t\t\t<div class=\"elementor-widget-container\">\n\t\t\t\t\t\t\t\t\t<p>Par la pr\u00e9sente <strong>d\u00e9claration de protection des donn\u00e9es<\/strong>, nous informons sur les donn\u00e9es personnelles que nous traitons dans le cadre de nos <strong>activit\u00e9s et activit\u00e9s<\/strong>, y compris notre <strong>site Internet eyetech.ch<\/strong>. Nous informons en particulier \u00e0 quelles fins, comment et o\u00f9 nous traitons quelles donn\u00e9es personnelles. Nous informons en outre sur les droits des personnes dont nous traitons les donn\u00e9es.<\/p>\n<p>D&#8217;autres d\u00e9clarations de protection des donn\u00e9es ainsi que d&#8217;autres documents juridiques, tels que les conditions g\u00e9n\u00e9rales de vente (CGV), les conditions d&#8217;utilisation ou les conditions de participation, peuvent s&#8217;appliquer \u00e0 des activit\u00e9s et des activit\u00e9s individuelles ou suppl\u00e9mentaires.<\/p>\n<p>Nous sommes soumis au droit suisse de la protection des donn\u00e9es ainsi qu&#8217;au droit \u00e9tranger \u00e9ventuellement applicable en mati\u00e8re de protection des donn\u00e9es, notamment celui de l&#8217;Union europ\u00e9enne (UE) avec le r\u00e8glement g\u00e9n\u00e9ral sur la protection des donn\u00e9es (RGPD). La Commission europ\u00e9enne <a href=\"https:\/\/eur-lex.europa.eu\/legal-content\/DE\/TXT\/?uri=CELEX%3A32000D0518\" target=\"_blank\" rel=\"nofollow noopener noreferrer\">reconna\u00eet<\/a> que le droit suisse de la protection des donn\u00e9es garantit une protection ad\u00e9quate des donn\u00e9es.<\/p>\n<h2 id=\"kontaktadressen\"> <\/h2>\n<h2 id=\"kontaktadressen\">1. adresses de contact<\/h2>\n<p>Responsabilit\u00e9 du traitement des donn\u00e9es personnelles :<\/p>\n<p><strong id=\"verantwortlicher\">Eyetech AG<\/strong><br \/>Steinacherstrasse 150<br \/>8820 W\u00e4denswil<br \/>Suisse<\/p>\n<p><a href=\"mailto:info@eyetech.ch\">info@eyetech.ch<\/a><\/p>\n<p>Nous attirons votre attention sur le fait que, dans certains cas, il existe d&#8217;autres responsables du traitement des donn\u00e9es personnelles.<\/p>\n<h3 id=\"datenschutz-vertretung\">Repr\u00e9sentation de la protection des donn\u00e9es dans l&#8217;Espace \u00e9conomique europ\u00e9en (EEE)<\/h3>\n<p>Nous disposons de la repr\u00e9sentation suivante en mati\u00e8re de protection des donn\u00e9es conform\u00e9ment \u00e0 <a href=\"https:\/\/steigerlegal.ch\/dsgvo\/dsgvo-27\/\" target=\"_blank\" rel=\"nofollow noopener noreferrer\">l&#8217;article 27 du RGPD<\/a>. Le DPD sert de point de contact <em>suppl\u00e9mentaire<\/em> pour les personnes concern\u00e9es et les autorit\u00e9s dans l&#8217;Union europ\u00e9enne (UE) et dans le reste de l&#8217;Espace \u00e9conomique europ\u00e9en (EEE) pour les demandes li\u00e9es au r\u00e8glement g\u00e9n\u00e9ral sur la protection des donn\u00e9es (RGPD) :<\/p>\n<p><a href=\"https:\/\/www.datenschutzpartner.eu\/kontakt\/\" target=\"_blank\" rel=\"nofollow noopener noreferrer\"><strong>VGS Datenschutzpartner GmbH<\/strong><\/a><br \/>Am Kaiserkai 69<br \/>20457 Hamburg<br \/>Allemagne<\/p>\n<p><a href=\"mailto:info@datenschutzpartner.eu\">info@datenschutzpartner.eu<\/a><\/p>\n<h2 id=\"begriffe-rechtsgrundlagen\"> <\/h2>\n<h2 id=\"begriffe-rechtsgrundlagen\">2. notions et bases juridiques<\/h2>\n<h3 id=\"begriffe\">2.1 D\u00e9finitions<\/h3>\n<p><strong>Les donn\u00e9es personnelles<\/strong> sont <em>toutes les<\/em> informations qui se rapportent \u00e0 une personne identifi\u00e9e ou identifiable. Une personne <strong>concern\u00e9e<\/strong> est une personne au sujet de laquelle des donn\u00e9es personnelles sont trait\u00e9es.<\/p>\n<p>Le <strong>traitement<\/strong> comprend <em>toute<\/em> manipulation de donn\u00e9es personnelles, quels <em>que<\/em> soient les moyens et proc\u00e9d\u00e9s utilis\u00e9s, notamment la conservation, la communication, la collecte, l&#8217;enregistrement, l&#8217;effacement, la conservation, la modification, la destruction et l&#8217;utilisation de donn\u00e9es personnelles.<\/p>\n<p>L&#8217;<strong>Espace \u00e9conomique europ\u00e9en (EEE)<\/strong> comprend les \u00c9tats membres de l&#8217;Union europ\u00e9enne (UE) ainsi que la Principaut\u00e9 de Liechtenstein, l&#8217;Islande et la Norv\u00e8ge. Le r\u00e8glement g\u00e9n\u00e9ral sur la protection des donn\u00e9es (RGPD) qualifie le traitement de donn\u00e9es personnelles de traitement de donn\u00e9es \u00e0 caract\u00e8re personnel.<\/p>\n<h3 id=\"rechtsgrundlagen\">2.2 Bases juridiques<\/h3>\n<p>Nous traitons les donn\u00e9es personnelles conform\u00e9ment \u00e0 la l\u00e9gislation suisse en mati\u00e8re de protection des donn\u00e9es, notamment la loi <a id=\"94446\" href=\"https:\/\/www.fedlex.admin.ch\/eli\/cc\/1993\/1945_1945_1945\/de\" target=\"_blank\" rel=\"nofollow noopener noreferrer\">f\u00e9d\u00e9rale sur la protection des donn\u00e9es<\/a> (LPD) et l&#8217;<a href=\"https:\/\/www.fedlex.admin.ch\/eli\/cc\/1993\/1962_1962_1962\/de\" target=\"_blank\" rel=\"nofollow noopener\">ordonnance relative \u00e0 la<\/a> loi <a href=\"https:\/\/www.fedlex.admin.ch\/eli\/cc\/1993\/1962_1962_1962\/de\" target=\"_blank\" rel=\"nofollow noopener\">f\u00e9d\u00e9rale sur la protection des donn\u00e9es<\/a> (OLPD).<\/p>\n<p><span id=\"rechtsgrundlagen-dsgvo\">Nous traitons &#8211; si et dans la mesure o\u00f9 le r\u00e8glement g\u00e9n\u00e9ral sur la protection des donn\u00e9es (RGPD) est applicable &#8211; des donn\u00e9es personnelles conform\u00e9ment \u00e0 <em>au moins<\/em> une des bases juridiques suivantes :<\/span><\/p>\n<ul>\n<li><a href=\"https:\/\/steigerlegal.ch\/dsgvo\/dsgvo-6\/\" target=\"_blank\" rel=\"nofollow noopener noreferrer\">Art. 6 al. 1 lit. b RGPD<\/a>  pour le traitement n\u00e9cessaire des donn\u00e9es personnelles en vue de l&#8217;ex\u00e9cution d&#8217;un contrat avec la personne concern\u00e9e ainsi que pour l&#8217;ex\u00e9cution de mesures pr\u00e9contractuelles.<\/li>\n<li>Art. 6 al. 1 lit. f RGPD pour le traitement n\u00e9cessaire des donn\u00e9es personnelles afin de sauvegarder nos int\u00e9r\u00eats l\u00e9gitimes ou ceux de tiers, dans la mesure o\u00f9 les libert\u00e9s et droits fondamentaux ainsi que les int\u00e9r\u00eats de la personne concern\u00e9e ne pr\u00e9valent pas. Les int\u00e9r\u00eats l\u00e9gitimes sont notamment notre int\u00e9r\u00eat \u00e0 pouvoir exercer nos activit\u00e9s et nos activit\u00e9s de mani\u00e8re durable, conviviale, s\u00fbre et fiable ainsi qu&#8217;\u00e0 communiquer \u00e0 ce sujet, la garantie de la s\u00e9curit\u00e9 des informations, la protection contre les abus, l&#8217;application de nos propres droits juridiques et le respect du droit suisse.<\/li>\n<li>Art. 6 al. 1 lit. c RGPD pour le traitement n\u00e9cessaire des donn\u00e9es personnelles afin de remplir une obligation l\u00e9gale \u00e0 laquelle nous sommes soumis conform\u00e9ment au droit \u00e9ventuellement applicable des \u00c9tats membres de l&#8217;Espace \u00e9conomique europ\u00e9en (EEE).<\/li>\n<li>Art. 6 al. 1 lit. e du RGPD pour le traitement n\u00e9cessaire de donn\u00e9es personnelles dans le cadre de l&#8217;ex\u00e9cution d&#8217;une t\u00e2che d&#8217;int\u00e9r\u00eat public.<\/li>\n<li>Art. 6 al. 1 lit. a RGPD pour le traitement de donn\u00e9es personnelles avec le consentement de la personne concern\u00e9e.<\/li>\n<li>Art. 6 al. 1 lit. d RGPD pour le traitement n\u00e9cessaire de donn\u00e9es personnelles afin de prot\u00e9ger les int\u00e9r\u00eats vitaux de la personne concern\u00e9e ou d&#8217;une autre personne physique.<\/li>\n<\/ul>\n<h2 id=\"art-umfang-zweck\"> <\/h2>\n<h2 id=\"art-umfang-zweck\">3. nature, port\u00e9e et objectif<\/h2>\n<p>Nous traitons les donn\u00e9es personnelles qui sont <em>n\u00e9cessaires<\/em> \u00e0 l&#8217;exercice durable, convivial, s\u00fbr et fiable de nos activit\u00e9s. De telles donn\u00e9es personnelles peuvent notamment entrer dans les cat\u00e9gories des donn\u00e9es d&#8217;inventaire et de contact, des donn\u00e9es de navigateur et d&#8217;appareil, des donn\u00e9es de contenu, des m\u00e9tadonn\u00e9es ou donn\u00e9es marginales et des donn\u00e9es d&#8217;utilisation, des donn\u00e9es de localisation, des donn\u00e9es de vente ainsi que des donn\u00e9es de contrat et de paiement.<\/p>\n<p>Nous traitons les donn\u00e9es personnelles pendant la <em>dur\u00e9e<\/em> requise par le ou les objectifs concern\u00e9s ou par la loi. Les donn\u00e9es personnelles dont le traitement n&#8217;est plus n\u00e9cessaire sont rendues anonymes ou supprim\u00e9es.<\/p>\n<p>Nous pouvons faire traiter des donn\u00e9es personnelles <em>par des tiers<\/em>. Nous pouvons traiter des donn\u00e9es personnelles en collaboration avec des tiers ou les transmettre \u00e0 des tiers. Ces tiers sont notamment des prestataires sp\u00e9cialis\u00e9s dont nous utilisons les services. Nous garantissons \u00e9galement la protection des donn\u00e9es aupr\u00e8s de ces tiers.<\/p>\n<p>Nous ne traitons les donn\u00e9es personnelles qu&#8217;apr\u00e8s avoir obtenu le consentement de la personne concern\u00e9e, \u00e0 moins que le traitement ne soit autoris\u00e9 pour d&#8217;autres raisons juridiques. Le traitement sans consentement peut par exemple \u00eatre autoris\u00e9 pour l&#8217;ex\u00e9cution d&#8217;un contrat avec la personne concern\u00e9e et pour des mesures pr\u00e9contractuelles correspondantes, afin de pr\u00e9server nos int\u00e9r\u00eats l\u00e9gitimes pr\u00e9pond\u00e9rants, parce que le traitement est \u00e9vident au vu des circonstances ou apr\u00e8s information pr\u00e9alable.<\/p>\n<p>Dans ce cadre, nous traitons notamment les informations qu&#8217;une personne concern\u00e9e nous transmet <em>volontairement<\/em> lors d&#8217;une prise de contact &#8211; par exemple par courrier postal, e-mail, messagerie instantan\u00e9e, formulaire de contact, m\u00e9dias sociaux ou t\u00e9l\u00e9phone &#8211; ou lors de l&#8217;enregistrement d&#8217;un compte utilisateur. Nous pouvons par exemple enregistrer ces informations dans un carnet d&#8217;adresses, dans un syst\u00e8me de gestion de la relation client (CRM) ou \u00e0 l&#8217;aide d&#8217;outils comparables. Lorsque des donn\u00e9es concernant d&#8217;autres personnes nous sont transmises, les personnes qui les transmettent sont tenues de garantir la protection des donn\u00e9es vis-\u00e0-vis de ces personnes ainsi que l&#8217;exactitude de ces donn\u00e9es personnelles.<\/p>\n<p>Nous traitons en outre les donn\u00e9es personnelles que nous recevons de tiers, que nous nous procurons aupr\u00e8s de sources accessibles au public ou que nous collectons dans le cadre de nos activit\u00e9s et de nos op\u00e9rations, dans la mesure o\u00f9 un tel traitement est autoris\u00e9 pour des raisons juridiques.<\/p>\n<h2 id=\"bewerbungen\"> <\/h2>\n<h2 id=\"bewerbungen\">4. candidatures<\/h2>\n<p>Nous traitons les donn\u00e9es personnelles des candidats dans la mesure o\u00f9 elles sont n\u00e9cessaires \u00e0 l&#8217;\u00e9valuation de leur aptitude \u00e0 occuper un emploi ou \u00e0 l&#8217;ex\u00e9cution ult\u00e9rieure d&#8217;un contrat de travail. Les donn\u00e9es personnelles n\u00e9cessaires r\u00e9sultent notamment des informations demand\u00e9es, par exemple dans le cadre d&#8217;une offre d&#8217;emploi. Nous traitons en outre les donn\u00e9es personnelles que les candidats communiquent ou publient <em>volontairement<\/em>, notamment dans le cadre de lettres de motivation, de CV et d&#8217;autres documents de candidature ainsi que de profils en ligne.<\/p>\n<p><span id=\"bewerbungen-dsgvo\">Nous traitons &#8211; si et dans la mesure o\u00f9 le r\u00e8glement g\u00e9n\u00e9ral sur la protection des donn\u00e9es (RGPD) est applicable &#8211; des donn\u00e9es personnelles sur les candidats, notamment conform\u00e9ment \u00e0  <a href=\"https:\/\/steigerlegal.ch\/dsgvo\/dsgvo-9\/#2b\" target=\"_blank\" rel=\"nofollow noopener noreferrer\">Art. 9 al. 2 lit. b RGPD<\/a>.<\/span><\/p>\n<h2 id=\"ausland\"> <\/h2>\n<h2 id=\"ausland\">5. donn\u00e9es personnelles \u00e0 l&#8217;\u00e9tranger<\/h2>\n<p>Nous traitons les donn\u00e9es personnelles en <em>principe<\/em> en Suisse et dans l&#8217;Espace \u00e9conomique europ\u00e9en (EEE). Nous pouvons \u00e9galement exporter ou transmettre des donn\u00e9es personnelles dans d&#8217;autres pays, notamment pour les traiter ou les faire traiter dans ces pays.<\/p>\n<p>Nous pouvons exporter des donn\u00e9es personnelles vers tous les <a href=\"https:\/\/de.wikipedia.org\/wiki\/Liste_der_Staaten_der_Erde#Tabelle\" target=\"_blank\" rel=\"nofollow noopener noreferrer\">\u00c9tats et territoires<\/a>, \u00e0 condition que la l\u00e9gislation locale garantisse une protection ad\u00e9quate des donn\u00e9es conform\u00e9ment \u00e0 la <a href=\"https:\/\/steigerlegal.ch\/2022\/09\/10\/ndsg-schweiz-staatenliste\/\" target=\"_blank\" rel=\"nofollow noopener noreferrer\">d\u00e9cision du Conseil f\u00e9d\u00e9ral suisse<\/a> et &#8211; si et dans la mesure o\u00f9 le r\u00e8glement g\u00e9n\u00e9ral sur la protection des donn\u00e9es (RGPD) est applicable &#8211; conform\u00e9ment \u00e0 la <a href=\"https:\/\/commission.europa.eu\/law\/law-topic\/data-protection\/international-dimension-data-protection\/adequacy-decisions_de\" target=\"_blank\" rel=\"nofollow noopener noreferrer\">d\u00e9cision de la Commission europ\u00e9enne<\/a>.<\/p>\n<p>Nous pouvons transf\u00e9rer des donn\u00e9es personnelles vers des \u00c9tats dont la l\u00e9gislation ne garantit pas une protection ad\u00e9quate des donn\u00e9es, \u00e0 condition que la protection des donn\u00e9es soit assur\u00e9e pour d&#8217;autres raisons, notamment sur la base de clauses standard de protection des donn\u00e9es ou avec d&#8217;autres garanties appropri\u00e9es. Exceptionnellement, nous pouvons exporter des donn\u00e9es personnelles vers des \u00c9tats ne disposant pas d&#8217;une protection des donn\u00e9es ad\u00e9quate ou appropri\u00e9e, si les conditions particuli\u00e8res de protection des donn\u00e9es sont remplies, par exemple le consentement explicite des personnes concern\u00e9es ou un lien direct avec la conclusion ou l&#8217;ex\u00e9cution d&#8217;un contrat. Sur demande, nous renseignons volontiers les personnes concern\u00e9es sur d&#8217;\u00e9ventuelles garanties ou fournissons une copie d&#8217;\u00e9ventuelles garanties.<\/p>\n<h2 id=\"rechte\"> <\/h2>\n<h2 id=\"rechte\">6) Droits des personnes concern\u00e9es<\/h2>\n<p>Les personnes concern\u00e9es dont nous traitons les donn\u00e9es personnelles disposent des droits pr\u00e9vus par le droit suisse de la protection des donn\u00e9es. Il s&#8217;agit notamment du droit d&#8217;acc\u00e8s ainsi que du droit de rectification, d&#8217;effacement ou de blocage des donn\u00e9es personnelles trait\u00e9es.<\/p>\n<p>Les personnes concern\u00e9es dont nous traitons les donn\u00e9es personnelles peuvent &#8211; si et dans la mesure o\u00f9 le r\u00e8glement g\u00e9n\u00e9ral sur la protection des donn\u00e9es (RGPD) est applicable &#8211; nous demander gratuitement de leur confirmer si nous traitons des donn\u00e9es personnelles les concernant. Dans ce cas, les personnes concern\u00e9es peuvent demander des informations sur le traitement de leurs donn\u00e9es personnelles, faire limiter le traitement de leurs donn\u00e9es personnelles, exercer leur droit \u00e0 la portabilit\u00e9 des donn\u00e9es et faire rectifier, effacer (&#8220;droit \u00e0 l&#8217;oubli&#8221;), bloquer ou compl\u00e9ter leurs donn\u00e9es personnelles.<\/p>\n<p>Les personnes concern\u00e9es dont nous traitons les donn\u00e9es personnelles peuvent &#8211; si et dans la mesure o\u00f9 le RGPD est applicable &#8211; r\u00e9voquer \u00e0 tout moment un consentement donn\u00e9 avec effet pour l&#8217;avenir et s&#8217;opposer \u00e0 tout moment au traitement de leurs donn\u00e9es personnelles.<\/p>\n<p>Les personnes concern\u00e9es dont nous traitons les donn\u00e9es personnelles disposent d&#8217;un droit de recours aupr\u00e8s d&#8217;une autorit\u00e9 de surveillance comp\u00e9tente. L&#8217;autorit\u00e9 de surveillance pour la protection des donn\u00e9es en Suisse est le <a href=\"https:\/\/www.edoeb.admin.ch\/\" target=\"_blank\" rel=\"nofollow noopener noreferrer\">Pr\u00e9pos\u00e9 f\u00e9d\u00e9ral \u00e0 la protection des donn\u00e9es et \u00e0 la transparence<\/a> (PFPDT).<\/p>\n<h2 id=\"sicherheit\"> <\/h2>\n<h2 id=\"sicherheit\">7. s\u00e9curit\u00e9 des donn\u00e9es<\/h2>\n<p>Nous prenons les mesures techniques et organisationnelles appropri\u00e9es afin de garantir une s\u00e9curit\u00e9 des donn\u00e9es adapt\u00e9e au risque respectif. Nous ne pouvons toutefois pas garantir une s\u00e9curit\u00e9 absolue des donn\u00e9es.<\/p>\n<p>L&#8217;acc\u00e8s \u00e0 notre site web s&#8217;effectue au moyen du cryptage de transport (SSL \/ TLS, en particulier avec le Hypertext Transfer Protocol Secure, en abr\u00e9g\u00e9 HTTPS). La plupart des navigateurs signalent le cryptage de transport par un cadenas dans la barre d&#8217;adresse.<\/p>\n<p>Nos communications num\u00e9riques sont soumises &#8211; comme toute communication num\u00e9rique <em>en principe<\/em> &#8211; \u00e0 la surveillance de masse sans motif ni soup\u00e7on, ainsi qu&#8217;\u00e0 d&#8217;autres formes de surveillance par les autorit\u00e9s de s\u00e9curit\u00e9 en Suisse, dans le reste de l&#8217;Europe, aux \u00c9tats-Unis d&#8217;Am\u00e9rique (USA) et dans d&#8217;autres pays. Nous ne pouvons pas exercer d&#8217;influence directe sur le traitement correspondant des donn\u00e9es personnelles par les services secrets, les services de police et autres autorit\u00e9s de s\u00e9curit\u00e9.<\/p>\n<h2 id=\"website\"> <\/h2>\n<h2 id=\"website\">8. utilisation du site web<\/h2>\n<h3 id=\"cookies\">8.1 Cookies<\/h3>\n<p>Nous pouvons utiliser des cookies. Les cookies, qu&#8217;il s&#8217;agisse de nos propres cookies (cookies de premi\u00e8re partie) ou de cookies de tiers dont nous utilisons les services (cookies de troisi\u00e8me partie), sont des donn\u00e9es qui sont stock\u00e9es dans le navigateur. De telles donn\u00e9es stock\u00e9es ne doivent pas \u00eatre limit\u00e9es aux cookies traditionnels sous forme de texte.<\/p>\n<p>Les cookies peuvent \u00eatre stock\u00e9s temporairement dans le navigateur en tant que &#8220;cookies de session&#8221; ou pour une p\u00e9riode d\u00e9termin\u00e9e en tant que cookies dits permanents. Les &#8220;cookies de session&#8221; sont automatiquement supprim\u00e9s lorsque le navigateur est ferm\u00e9. Les cookies permanents ont une dur\u00e9e de conservation d\u00e9termin\u00e9e. Les cookies permettent notamment de reconna\u00eetre un navigateur lors de la prochaine visite de notre site web et de mesurer ainsi, par exemple, la port\u00e9e de notre site web. Mais les cookies permanents peuvent aussi \u00eatre utilis\u00e9s, par exemple, pour le marketing en ligne.<\/p>\n<p>Les cookies peuvent \u00eatre d\u00e9sactiv\u00e9s ou supprim\u00e9s en partie ou en totalit\u00e9 \u00e0 tout moment dans les param\u00e8tres du navigateur. Sans cookies, notre site web ne sera \u00e9ventuellement plus disponible dans son int\u00e9gralit\u00e9. Nous demandons activement &#8211; au moins si et dans la mesure o\u00f9 cela est n\u00e9cessaire &#8211; le consentement explicite \u00e0 l&#8217;utilisation de cookies.<\/p>\n<h3 id=\"logdateien\">8.2 Fichiers journaux du serveur<\/h3>\n<p>Nous pouvons collecter les informations suivantes pour chaque acc\u00e8s \u00e0 notre site web, dans la mesure o\u00f9 elles sont transmises par votre navigateur \u00e0 notre infrastructure de serveur ou peuvent \u00eatre d\u00e9termin\u00e9es par notre serveur web : la date et l&#8217;heure, y compris le fuseau horaire, l&#8217;adresse IP (Internet Protocol), le statut d&#8217;acc\u00e8s (code d&#8217;\u00e9tat HTTP), le syst\u00e8me d&#8217;exploitation, y compris l&#8217;interface utilisateur et la version, le navigateur, y compris la langue et la version, la sous-page de notre site web consult\u00e9e, y compris la quantit\u00e9 de donn\u00e9es transmises, la derni\u00e8re page web consult\u00e9e dans la m\u00eame fen\u00eatre du navigateur (r\u00e9f\u00e9rent ou referrer).<\/p>\n<p>Nous enregistrons ces informations, qui peuvent \u00e9galement constituer des donn\u00e9es personnelles, dans des fichiers journaux de serveur. Ces informations sont n\u00e9cessaires pour mettre \u00e0 disposition notre site web de mani\u00e8re durable, conviviale et fiable ainsi que pour pouvoir garantir la s\u00e9curit\u00e9 des donn\u00e9es et donc en particulier la protection des donn\u00e9es personnelles &#8211; \u00e9galement par des tiers ou avec l&#8217;aide de tiers.<\/p>\n<h3 id=\"zaehlpixel\">8.3 Pixels de suivi<\/h3>\n<p>Nous pouvons utiliser des pixels de suivi sur notre site web. Les pixels de suivi sont \u00e9galement appel\u00e9s balises web. Les pixels &#8211; y compris ceux de tiers dont nous utilisons les services &#8211; sont de petites images g\u00e9n\u00e9ralement invisibles qui sont automatiquement appel\u00e9es lors de la visite de notre site web. Les pixels de comptage permettent de collecter les m\u00eames informations que les fichiers journaux du serveur.<\/p>\n<h2 id=\"mitteilungen\"> <\/h2>\n<h2 id=\"mitteilungen\">9. notifications et messages<\/h2>\n<p>Nous envoyons des notifications et des messages par courrier \u00e9lectronique et par d&#8217;autres canaux de communication, tels que la messagerie instantan\u00e9e ou les SMS.<\/p>\n<h3 id=\"mitteilungen-statistik\">9.1 Mesure de la r\u00e9ussite et de la port\u00e9e<\/h3>\n<p>Les notifications et les messages peuvent contenir des liens web ou des pixels qui enregistrent si un message individuel a \u00e9t\u00e9 ouvert et sur quels liens web il a \u00e9t\u00e9 cliqu\u00e9. De tels liens web et pixels peuvent \u00e9galement enregistrer l&#8217;utilisation des notifications et des communications \u00e0 titre personnel. Nous avons besoin de cette saisie statistique de l&#8217;utilisation pour mesurer le succ\u00e8s et la port\u00e9e, afin de pouvoir envoyer des notifications et des messages de mani\u00e8re efficace et conviviale, ainsi que de mani\u00e8re durable, s\u00fbre et fiable, sur la base des besoins et des habitudes de lecture des destinataires.<\/p>\n<h3 id=\"mitteilungen-einwilligung\">9.2 Consentement et opposition<\/h3>\n<p>Vous devez <em>en principe<\/em> consentir express\u00e9ment \u00e0 l&#8217;utilisation de votre adresse \u00e9lectronique et de vos autres adresses de contact, \u00e0 moins que cette utilisation ne soit autoris\u00e9e pour d&#8217;autres raisons juridiques. Pour un \u00e9ventuel consentement, nous utilisons dans la mesure du possible la proc\u00e9dure de &#8220;double opt-in&#8221;, c&#8217;est-\u00e0-dire que vous recevez un e-mail avec un lien web sur lequel vous devez cliquer pour confirmer, afin d&#8217;\u00e9viter tout abus par des tiers non autoris\u00e9s. Nous pouvons enregistrer ces consentements, y compris l&#8217;adresse IP (Internet Protocol), la date et l&#8217;heure, pour des raisons de preuve et de s\u00e9curit\u00e9.<\/p>\n<p>Vous pouvez en <em>principe<\/em> vous opposer \u00e0 tout moment \u00e0 la r\u00e9ception de notifications et de communications telles que les newsletters. Avec une telle opposition, vous pouvez en m\u00eame temps vous opposer \u00e0 la saisie statistique de l&#8217;utilisation pour la mesure du succ\u00e8s et de la port\u00e9e. Les notifications et communications n\u00e9cessaires en rapport avec nos activit\u00e9s et activit\u00e9s demeurent r\u00e9serv\u00e9es.<\/p>\n<h3 id=\"mitteilungen-dienstleister\">9.3 Prestataires de services pour les notifications et les messages<\/h3>\n<p>Nous envoyons des notifications et des messages \u00e0 l&#8217;aide de prestataires de services sp\u00e9cialis\u00e9s.<\/p>\n<p>Nous utilisons notamment<\/p>\n<ul>\n<li><strong><br \/>\n  <a href=\"https:\/\/mailchimp.com\/de\/\" target=\"_blank\" rel=\"nofollow noopener noreferrer\">Mailchimp, le service de messagerie \u00e9lectronique :<\/a><br \/>\n<\/strong> Plate-forme de communication ; fournisseur : The Rocket Science Group LLC DBA Mailchimp (USA) en tant que <a href=\"https:\/\/www.intuit.com\/legal\/intuit-group-companies\/\" target=\"_blank\" rel=\"nofollow noopener noreferrer\">filiale<\/a> d&#8217;Intuit Inc. (\u00c9tats-Unis) ; informations sur la protection des donn\u00e9es : <a href=\"https:\/\/www.intuit.com\/privacy\/statement\/\" target=\"_blank\" rel=\"nofollow noopener noreferrer\">d\u00e9claration de confidentialit\u00e9 (Intuit)<\/a>, y compris &#8220;Conditions sp\u00e9cifiques aux pays et aux r\u00e9gions&#8221;, <a href=\"https:\/\/mailchimp.com\/help\/mailchimp-intuit-privacy-faq\/\" target=\"_blank\" rel=\"nofollow noopener noreferrer\">&#8220;Foire aux questions sur la protection des donn\u00e9es chez Mailchimp&#8221;,<\/a> <a href=\"https:\/\/mailchimp.com\/de\/help\/mailchimp-european-data-transfers\/\" target=\"_blank\" rel=\"nofollow noopener noreferrer\">&#8220;Mailchimp et les transferts de donn\u00e9es europ\u00e9ens&#8221;,<\/a> <a href=\"https:\/\/mailchimp.com\/about\/security\/\" target=\"_blank\" rel=\"nofollow noopener noreferrer\">&#8220;S\u00e9curit\u00e9&#8221;,<\/a> <a href=\"https:\/\/mailchimp.com\/legal\/cookies\/\" target=\"_blank\" rel=\"nofollow noopener noreferrer\">politique en mati\u00e8re de cookies<\/a>, <a href=\"https:\/\/mailchimp.com\/privacy-rights\/\" target=\"_blank\" rel=\"nofollow noopener noreferrer\">&#8220;Privacy Rights Requests<\/a>&#8220;, <a href=\"https:\/\/mailchimp.com\/legal\/\" target=\"_blank\" rel=\"nofollow noopener noreferrer\">&#8220;Dispositions l\u00e9gales&#8221;.<\/a><\/li>\n<\/ul>\n<h2 id=\"social-media\"> <\/h2>\n<h2 id=\"social-media\">10. les m\u00e9dias sociaux<\/h2>\n<p>Nous sommes pr\u00e9sents sur les plateformes de m\u00e9dias sociaux et autres plateformes en ligne afin de pouvoir communiquer avec les personnes int\u00e9ress\u00e9es et de les informer de nos activit\u00e9s et de nos activit\u00e9s. Dans le cadre de ces plateformes, les donn\u00e9es personnelles peuvent \u00e9galement \u00eatre trait\u00e9es en dehors de la Suisse et de l&#8217;Espace \u00e9conomique europ\u00e9en (EEE).<\/p>\n<p>Les conditions g\u00e9n\u00e9rales de vente (CGV) et les conditions d&#8217;utilisation ainsi que les d\u00e9clarations de protection des donn\u00e9es et autres dispositions des diff\u00e9rents exploitants de telles plateformes s&#8217;appliquent \u00e9galement. Ces dispositions informent notamment sur les droits des personnes concern\u00e9es directement vis-\u00e0-vis de la plateforme concern\u00e9e, ce qui inclut par exemple le droit d&#8217;acc\u00e8s.<\/p>\n<p>Pour notre <strong>pr\u00e9sence dans les m\u00e9dias sociaux sur Facebook<\/strong>, y compris pour ce que l&#8217;on appelle les Pages-Insights, nous sommes &#8211; si et dans la mesure o\u00f9 le R\u00e8glement g\u00e9n\u00e9ral sur la protection des donn\u00e9es (RGPD) est applicable &#8211; conjointement responsables avec Meta Platforms Ireland Limited (Irlande). Meta Platforms Ireland Limited fait partie des <a href=\"https:\/\/www.facebook.com\/help\/111814505650678\" target=\"_blank\" rel=\"nofollow noopener noreferrer\">entreprises Meta<\/a> (entre autres aux \u00c9tats-Unis). Les Pages-Insights fournissent des informations sur la mani\u00e8re dont les visiteurs interagissent avec notre pr\u00e9sence sur Facebook. Nous utilisons les Pages-Insights pour assurer une pr\u00e9sence efficace et conviviale sur les m\u00e9dias sociaux Facebook.<\/p>\n<p>De plus amples informations sur la nature, l&#8217;\u00e9tendue et la finalit\u00e9 du traitement des donn\u00e9es, des informations sur les droits des personnes concern\u00e9es ainsi que les coordonn\u00e9es de Facebook et du responsable de la protection des donn\u00e9es de Facebook sont disponibles dans la <a href=\"https:\/\/www.facebook.com\/about\/privacy\" target=\"_blank\" rel=\"nofollow noopener noreferrer\">d\u00e9claration de confidentialit\u00e9 de Facebook<\/a>. Nous avons conclu avec Facebook ce que l&#8217;on appelle un <a href=\"https:\/\/www.facebook.com\/legal\/controller_addendum\" target=\"_blank\" rel=\"nofollow noopener noreferrer\">&#8220;avenant au responsable du traitement&#8221;<\/a> et avons ainsi convenu en particulier que Facebook est responsable de la garantie des droits des personnes concern\u00e9es. Pour les &#8220;insights de page&#8221;, les informations correspondantes se trouvent sur la page <a href=\"https:\/\/www.facebook.com\/legal\/terms\/page_controller_addendum\" target=\"_blank\" rel=\"nofollow noopener noreferrer\">&#8220;Informations sur les ins<\/a> ights de page&#8221;, y compris <a href=\"https:\/\/www.facebook.com\/legal\/terms\/information_about_page_insights_data\" target=\"_blank\" rel=\"nofollow noopener noreferrer\">&#8220;Informations sur les donn\u00e9es des insights de page&#8221;.<\/a><\/p>\n<h2 id=\"dienste\"> <\/h2>\n<h2 id=\"dienste\">11. services de tiers<\/h2>\n<p>Nous utilisons les services de tiers sp\u00e9cialis\u00e9s afin de pouvoir exercer nos activit\u00e9s et nos op\u00e9rations de mani\u00e8re durable, conviviale, s\u00fbre et fiable. Ces services nous permettent, entre autres, d&#8217;int\u00e9grer des fonctions et des contenus dans notre site web. Dans le cas d&#8217;une telle int\u00e9gration, les services utilis\u00e9s collectent au moins temporairement les adresses Internet Protocol (IP) des utilisateurs pour des raisons techniques imp\u00e9ratives.<\/p>\n<p>Pour des raisons de s\u00e9curit\u00e9, statistiques et techniques, les tiers dont nous utilisons les services peuvent traiter des donn\u00e9es agr\u00e9g\u00e9es, anonymes ou pseudonymis\u00e9es en rapport avec nos activit\u00e9s et nos op\u00e9rations. Il s&#8217;agit par exemple de donn\u00e9es relatives aux performances ou \u00e0 l&#8217;utilisation, afin de pouvoir proposer le service en question.<\/p>\n<p>Nous utilisons notamment<\/p>\n<ul>\n<li><strong><br \/>\n  <a href=\"https:\/\/about.google\/products\/\" target=\"_blank\" rel=\"nofollow noopener noreferrer\">Services de Google :<\/a><br \/>\n<\/strong> Fournisseurs : Google LLC (USA) \/ Google Ireland Limited (Irlande) pour les utilisateurs de l&#8217;Espace \u00e9conomique europ\u00e9en (EEE) et de la Suisse ; Informations g\u00e9n\u00e9rales sur la protection des donn\u00e9es :  <a href=\"https:\/\/safety.google\/intl\/de\/principles\/\" target=\"_blank\" rel=\"nofollow noopener noreferrer\">&#8220;Principes relatifs \u00e0 la protection des donn\u00e9es et \u00e0 la s\u00e9curit\u00e9<\/a>&#8220;,  <a href=\"https:\/\/policies.google.com\/privacy?hl=de\" target=\"_blank\" rel=\"nofollow noopener noreferrer\">D\u00e9claration de confidentialit\u00e9<\/a>,  <a href=\"https:\/\/privacy.google.com\/intl\/de\/businesses\/compliance\/\" target=\"_blank\" rel=\"nofollow noopener noreferrer\">&#8220;Google s&#8217;engage \u00e0 respecter les lois applicables en mati\u00e8re de protection des donn\u00e9es&#8221;,<\/a> <a href=\"https:\/\/policies.google.com\/technologies\/product-privacy?hl=de\" target=\"_blank\" rel=\"nofollow noopener noreferrer\">&#8220;Guide de confidentialit\u00e9 des produits Google&#8221;,<\/a> <a href=\"https:\/\/policies.google.com\/technologies\/partner-sites?hl=de\" target=\"_blank\" rel=\"nofollow noopener noreferrer\">&#8220;Comment nous utilisons les donn\u00e9es des sites web ou des applications sur lesquels nos services sont utilis\u00e9s&#8221; (informations fournies par Google)<\/a>, <a href=\"https:\/\/policies.google.com\/technologies\/cookies?hl=de\" target=\"_blank\" rel=\"nofollow noopener noreferrer\">&#8220;Types de cookies et autres technologies utilis\u00e9s par Google&#8221;,<\/a> <a href=\"https:\/\/adssettings.google.com\/\" target=\"_blank\" rel=\"nofollow noopener noreferrer\">&#8220;Publicit\u00e9 personnalis\u00e9e&#8221; (activation \/ d\u00e9sactivation \/ param\u00e8tres)<\/a>.<\/li>\n<li><strong><br \/>\n  <a href=\"https:\/\/www.microsoft.com\/de-ch\" target=\"_blank\" rel=\"nofollow noopener noreferrer\">Services fournis par Microsoft :<\/a><br \/>\n<\/strong> Fournisseurs : Microsoft Corporation (USA) \/ Microsoft Ireland Operations Limited (Irlande) pour les utilisateurs de l&#8217;Espace \u00e9conomique europ\u00e9en (EEE), de la Grande-Bretagne et de la Suisse ; informations g\u00e9n\u00e9rales sur la protection des donn\u00e9es : <a href=\"https:\/\/privacy.microsoft.com\/de-de\" target=\"_blank\" rel=\"nofollow noopener noreferrer\">&#8220;Protection des donn\u00e9es chez Microsoft&#8221;,<\/a> <a href=\"https:\/\/www.microsoft.com\/de-ch\/trust-center\/privacy\" target=\"_blank\" rel=\"nofollow noopener noreferrer\">&#8220;Protection des donn\u00e9es (Trust Center)&#8221;,<\/a> <a href=\"https:\/\/privacy.microsoft.com\/de-de\/privacystatement\" target=\"_blank\" rel=\"nofollow noopener noreferrer\">d\u00e9claration de protection des donn\u00e9es<\/a>.<\/li>\n<\/ul>\n<h3 id=\"infrastruktur\">11.1 Infrastructure num\u00e9rique<\/h3>\n<p>Nous utilisons les services de tiers sp\u00e9cialis\u00e9s afin de b\u00e9n\u00e9ficier de l&#8217;infrastructure num\u00e9rique n\u00e9cessaire dans le cadre de nos activit\u00e9s et de nos op\u00e9rations. Il s&#8217;agit par exemple de services d&#8217;h\u00e9bergement et de stockage fournis par des fournisseurs s\u00e9lectionn\u00e9s.<\/p>\n<p>Nous utilisons notamment<\/p>\n<ul>\n<li><strong><br \/>\n  <a href=\"https:\/\/www.cyon.ch\/\" target=\"_blank\" rel=\"nofollow noopener noreferrer\">Cyon :<\/a><br \/>\n<\/strong> H\u00e9bergement ; Fournisseur : cyon GmbH (Suisse) ; Informations sur la protection des donn\u00e9es : <a href=\"https:\/\/www.cyon.ch\/ueber-cyon\/datenschutz\" target=\"_blank\" rel=\"nofollow noopener noreferrer\">&#8220;Protection des donn\u00e9es&#8221;,<\/a> <a href=\"https:\/\/www.cyon.ch\/legal\/datenschutzerklaerung\" target=\"_blank\" rel=\"nofollow noopener noreferrer\">D\u00e9claration de protection des donn\u00e9es<\/a>.<\/li>\n<\/ul>\n<h3 id=\"videokonferenz\">11.2 Conf\u00e9rences audio et vid\u00e9o<\/h3>\n<p>Nous utilisons des services sp\u00e9cialis\u00e9s d&#8217;audioconf\u00e9rence et de vid\u00e9oconf\u00e9rence pour pouvoir communiquer en ligne. Nous pouvons par exemple l&#8217;utiliser pour organiser des r\u00e9unions virtuelles ou pour dispenser des cours et des webinaires en ligne. Pour la participation \u00e0 des conf\u00e9rences audio et vid\u00e9o, les textes juridiques des diff\u00e9rents services tels que les d\u00e9clarations de protection des donn\u00e9es et les conditions d&#8217;utilisation s&#8217;appliquent en compl\u00e9ment.<\/p>\n<p>Nous recommandons, selon la situation de vie, de couper le microphone par d\u00e9faut lors de la participation \u00e0 des conf\u00e9rences audio ou vid\u00e9o et de rendre l&#8217;arri\u00e8re-plan flou ou de faire appara\u00eetre un arri\u00e8re-plan virtuel.<\/p>\n<p>Nous utilisons notamment<\/p>\n<ul>\n<li><strong><br \/>\n  <a href=\"https:\/\/www.microsoft.com\/de-de\/microsoft-teams\/group-chat-software\" target=\"_blank\" rel=\"nofollow noopener noreferrer\">Microsoft Teams (en anglais) :<\/a><br \/>\n<\/strong> Plate-forme entre autres pour les conf\u00e9rences audio et vid\u00e9o ; fournisseur : Microsoft ; informations sp\u00e9cifiques \u00e0 Teams : <a href=\"https:\/\/docs.microsoft.com\/de-de\/microsoftteams\/teams-privacy\" target=\"_blank\" rel=\"nofollow noopener noreferrer\">&#8220;Protection des donn\u00e9es et Microsoft Teams&#8221;.<\/a><\/li>\n<li><strong><br \/>\n  <a href=\"https:\/\/zoom.us\/\" target=\"_blank\" rel=\"nofollow noopener noreferrer\">Zoom :<\/a><br \/>\n<\/strong> Vid\u00e9oconf\u00e9rences ; fournisseur : Zoom Video Communications Inc. (\u00c9tats-Unis) ; informations sur la protection des donn\u00e9es : <a href=\"https:\/\/zoom.us\/de-de\/privacy.html\" target=\"_blank\" rel=\"nofollow noopener noreferrer\">d\u00e9claration de confidentialit\u00e9<\/a>, <a href=\"https:\/\/zoom.us\/de-de\/trust\/privacy.html\" target=\"_blank\" rel=\"nofollow noopener noreferrer\">&#8220;Protection des donn\u00e9es chez Zoom&#8221;,<\/a> <a href=\"https:\/\/zoom.us\/de-de\/trust\/legal-compliance.html\" target=\"_blank\" rel=\"nofollow noopener noreferrer\">&#8220;Centre de conformit\u00e9 juridique&#8221;.<\/a><\/li>\n<\/ul>\n<h3 id=\"zusammenarbeit\">11.3 Collaboration en ligne<\/h3>\n<p>Nous utilisons des services de tiers pour permettre la collaboration en ligne. En plus de la pr\u00e9sente d\u00e9claration de protection des donn\u00e9es, les conditions des services utilis\u00e9s, telles que les conditions d&#8217;utilisation ou les d\u00e9clarations de protection des donn\u00e9es, s&#8217;appliquent \u00e9galement.<\/p>\n<p>Nous utilisons notamment<\/p>\n<ul>\n<li><strong><br \/>\n  <a href=\"https:\/\/www.notion.so\/\" target=\"_blank\" rel=\"nofollow noopener noreferrer\">Notion :<\/a><br \/>\n<\/strong> Plate-forme de collaboration d&#8217;\u00e9quipe ; fournisseur : Notion Labs Inc. (\u00c9tats-Unis) ; informations sur la protection des donn\u00e9es : <a href=\"https:\/\/www.notion.so\/Privacy-Policy-3468d120cf614d4c9014c09f6adc9091\" target=\"_blank\" rel=\"nofollow noopener noreferrer\">d\u00e9claration de confidentialit\u00e9<\/a>, <a href=\"https:\/\/www.notion.so\/security\" target=\"_blank\" rel=\"nofollow noopener noreferrer\">&#8220;S\u00e9curit\u00e9 et confidentialit\u00e9&#8221; (&#8220;Security &amp; Privacy&#8221;)<\/a>, <a href=\"https:\/\/www.notion.so\/Cookie-Notice-bc186044eed5488a8387a9e94b14e58c\" target=\"_blank\" rel=\"nofollow noopener noreferrer\">politique en mati\u00e8re de cookies<\/a>.<\/li>\n<\/ul>\n<h3 id=\"kartenmaterial\">11.4 Mat\u00e9riel cartographique<\/h3>\n<p>Nous utilisons des services de tiers pour pouvoir int\u00e9grer des cartes dans notre site web.<\/p>\n<p>Nous utilisons notamment<\/p>\n<ul>\n<li><strong><br \/>\n  <a href=\"https:\/\/www.google.com\/maps\" target=\"_blank\" rel=\"nofollow noopener noreferrer\">Google Maps<\/a><br \/>\n<\/strong> y compris <strong><br \/>\n  <a href=\"https:\/\/cloud.google.com\/maps-platform\" target=\"_blank\" rel=\"nofollow noopener noreferrer\">Google Maps Platform :<\/a><br \/>\n<\/strong> Service de cartographie ; fournisseur : Google ; informations sp\u00e9cifiques \u00e0 Google Maps : <a href=\"https:\/\/policies.google.com\/technologies\/location-data?hl=de\" target=\"_blank\" rel=\"nofollow noopener noreferrer\">&#8220;Comment Google utilise les informations de localisation&#8221;.<\/a><\/li>\n<\/ul>\n<h3 id=\"medien\">11.5 Contenus num\u00e9riques audio et vid\u00e9o<\/h3>\n<p>Nous utilisons les services de tiers sp\u00e9cialis\u00e9s pour permettre la lecture directe de contenus audio et vid\u00e9o num\u00e9riques, comme par exemple la musique ou les podcasts.<\/p>\n<p>Nous utilisons notamment<\/p>\n<ul>\n<li><strong><br \/>\n  <a href=\"https:\/\/www.youtube.com\/\" target=\"_blank\" rel=\"nofollow noopener noreferrer\">YouTube :<\/a><br \/>\n<\/strong> Plate-forme vid\u00e9o ; fournisseur : Google ; informations sp\u00e9cifiques \u00e0 YouTube : <a href=\"https:\/\/support.google.com\/youtube\/topic\/2803240?hl=de\" target=\"_blank\" rel=\"nofollow noopener noreferrer\">&#8220;Centre de confidentialit\u00e9 et de s\u00e9curit\u00e9&#8221;,<\/a> <a href=\"https:\/\/support.google.com\/youtube\/answer\/9315727?hl=de\" target=\"_blank\" rel=\"nofollow noopener noreferrer\">&#8220;Mes donn\u00e9es sur YouTube&#8221;.<\/a><\/li>\n<\/ul>\n<h3 id=\"schriftarten\">11.6 Polices de caract\u00e8res<\/h3>\n<p>Nous utilisons des services de tiers pour pouvoir int\u00e9grer des polices de caract\u00e8res s\u00e9lectionn\u00e9es ainsi que des ic\u00f4nes, des logos et des symboles dans notre site web.<\/p>\n<p>Nous utilisons notamment<\/p>\n<ul>\n<li><strong><br \/>\n  <a href=\"https:\/\/fontawesome.com\/\" target=\"_blank\" rel=\"nofollow noopener noreferrer\">Font Awesome (police de caract\u00e8res) :<\/a><br \/>\n<\/strong> Ic\u00f4nes et logos ; fournisseur : Fonticons Inc. (\u00c9tats-Unis) ; informations sur la protection des donn\u00e9es : <a href=\"https:\/\/fontawesome.com\/privacy\" target=\"_blank\" rel=\"nofollow noopener noreferrer\">d\u00e9claration de confidentialit\u00e9<\/a>.<\/li>\n<li><strong><br \/>\n  <a href=\"https:\/\/fonts.google.com\" target=\"_blank\" rel=\"nofollow noopener noreferrer\">Google Fonts (polices de caract\u00e8res) :<\/a><br \/>\n<\/strong> Polices de caract\u00e8res ; fournisseur : Google ; informations sp\u00e9cifiques \u00e0 Google Fonts : <a href=\"https:\/\/fonts.googleblog.com\/2022\/11\/your-privacy-and-google-fonts.html\" target=\"_blank\" rel=\"nofollow noopener noreferrer\">&#8220;Confidentialit\u00e9 et Google Fonts&#8221; (&#8220;Privacy and Google Fonts<\/a>&#8220;), <a href=\"https:\/\/developers.google.com\/fonts\/faq\/privacy?hl=de\" target=\"_blank\" rel=\"nofollow noopener noreferrer\">&#8220;Protection des donn\u00e9es et collecte des donn\u00e9es&#8221;.<\/a><\/li>\n<\/ul>\n<h2 id=\"erweiterungen\"> <\/h2>\n<h2 id=\"erweiterungen\">12. extensions pour le site web<\/h2>\n<p>Nous utilisons des extensions pour notre site web afin de pouvoir utiliser des fonctions suppl\u00e9mentaires.<\/p>\n<p>Nous utilisons notamment<\/p>\n<ul>\n<li><strong><br \/>\n  <a href=\"https:\/\/antispambee.pluginkollektiv.org\/de\/\" target=\"_blank\" rel=\"nofollow noopener noreferrer\">Antispam Bee :<\/a><br \/>\n<\/strong> Protection des donn\u00e9es respectueuse de la vie priv\u00e9e, mais n\u00e9anmoins efficace et fiable contre les spams (distinction entre les commentaires souhait\u00e9s par les humains et les commentaires ind\u00e9sirables des robots ainsi que les spams) ; d\u00e9veloppeurs : <a href=\"https:\/\/pluginkollektiv.org\/de\/\" target=\"_blank\" rel=\"nofollow noopener noreferrer\">Pluginkollektiv<\/a> (en Allemagne et dans le reste de l&#8217;Europe) ; informations sur la protection des donn\u00e9es : utilisation sur sa propre infrastructure de serveur et <em>sans<\/em> cookies, <a href=\"https:\/\/antispambee.pluginkollektiv.org\/de\/dokumentation\/\" target=\"_blank\" rel=\"nofollow noopener noreferrer\">documentation (Pluginkollektiv)<\/a>, <a href=\"https:\/\/github.com\/pluginkollektiv\/antispam-bee\/wiki\/de-Home\" target=\"_blank\" rel=\"nofollow noopener noreferrer\">documentation (GitHub)<\/a>.<\/li>\n<li><strong><br \/>\n  <a href=\"https:\/\/imagify.io\/\" target=\"_blank\" rel=\"nofollow noopener noreferrer\">Imagify, le site de la soci\u00e9t\u00e9 :<\/a><br \/>\n<\/strong> Optimisation d&#8217;images ; fournisseur : WP MEDIA (France) ; informations sur la protection des donn\u00e9es : <a href=\"https:\/\/imagify.io\/terms\/\" target=\"_blank\" rel=\"nofollow noopener noreferrer\">conditions (&#8220;Terms of Service&#8221;)<\/a>, <a href=\"https:\/\/imagify.io\/faq\/\" target=\"_blank\" rel=\"nofollow noopener noreferrer\">&#8220;Foire aux questions&#8221; (&#8220;Frequently Asked Questions&#8221;)<\/a>.<\/li>\n<\/ul>\n<h2 id=\"schlussbestimmungen\"> <\/h2>\n<h2 id=\"schlussbestimmungen\">13. dispositions finales<\/h2>\n<p>Nous pouvons \u00e0 tout moment adapter et compl\u00e9ter la pr\u00e9sente d\u00e9claration de protection des donn\u00e9es. Nous informerons de ces adaptations et compl\u00e9ments sous une forme appropri\u00e9e, notamment en publiant la d\u00e9claration de protection des donn\u00e9es en vigueur sur notre site web. (Cette traduction a \u00e9t\u00e9 g\u00e9n\u00e9r\u00e9e automatiquement. Le document source peut \u00eatre consult\u00e9 ici : https:\/\/eyetech.ch\/datenschutz\/)<\/p>\n\t\t\t\t\t\t\t\t<\/div>\n\t\t\t\t<\/div>\n\t\t\t\t\t<\/div>\n\t\t<\/div>\n\t\t\t\t\t<\/div>\n\t\t<\/section>\n\t\t\t\t<\/div>\n\t\t","protected":false},"excerpt":{"rendered":"<p>Protection des donn\u00e9es Par la pr\u00e9sente d\u00e9claration de protection des donn\u00e9es, nous informons sur les donn\u00e9es personnelles que nous traitons dans le cadre de nos activit\u00e9s et activit\u00e9s, y compris notre site Internet eyetech.ch. Nous informons en particulier \u00e0 quelles fins, comment et o\u00f9 nous traitons quelles donn\u00e9es personnelles. Nous informons en outre sur les [&hellip;]<\/p>\n","protected":false},"author":1,"featured_media":0,"parent":0,"menu_order":0,"comment_status":"closed","ping_status":"closed","template":"elementor_header_footer","meta":{"footnotes":""},"class_list":["post-3624","page","type-page","status-publish","hentry"],"_links":{"self":[{"href":"https:\/\/eyetech.ch\/fr\/wp-json\/wp\/v2\/pages\/3624","targetHints":{"allow":["GET"]}}],"collection":[{"href":"https:\/\/eyetech.ch\/fr\/wp-json\/wp\/v2\/pages"}],"about":[{"href":"https:\/\/eyetech.ch\/fr\/wp-json\/wp\/v2\/types\/page"}],"author":[{"embeddable":true,"href":"https:\/\/eyetech.ch\/fr\/wp-json\/wp\/v2\/users\/1"}],"replies":[{"embeddable":true,"href":"https:\/\/eyetech.ch\/fr\/wp-json\/wp\/v2\/comments?post=3624"}],"version-history":[{"count":3,"href":"https:\/\/eyetech.ch\/fr\/wp-json\/wp\/v2\/pages\/3624\/revisions"}],"predecessor-version":[{"id":3629,"href":"https:\/\/eyetech.ch\/fr\/wp-json\/wp\/v2\/pages\/3624\/revisions\/3629"}],"wp:attachment":[{"href":"https:\/\/eyetech.ch\/fr\/wp-json\/wp\/v2\/media?parent=3624"}],"curies":[{"name":"wp","href":"https:\/\/api.w.org\/{rel}","templated":true}]}}