{"id":6000,"date":"2025-03-31T09:36:15","date_gmt":"2025-03-31T09:36:15","guid":{"rendered":"https:\/\/eyetech.ch\/?page_id=6000"},"modified":"2025-10-06T07:52:53","modified_gmt":"2025-10-06T07:52:53","slug":"filtres-calm","status":"publish","type":"page","link":"https:\/\/eyetech.ch\/fr\/filtres-calm\/","title":{"rendered":"FILTRES CALM"},"content":{"rendered":"\t\t<div data-elementor-type=\"wp-page\" data-elementor-id=\"6000\" class=\"elementor elementor-6000 elementor-5999\" data-elementor-post-type=\"page\">\n\t\t\t\t\t\t<section class=\"elementor-section elementor-top-section elementor-element elementor-element-b7ee3bf elementor-section-boxed elementor-section-height-default elementor-section-height-default\" data-id=\"b7ee3bf\" data-element_type=\"section\" data-e-type=\"section\" data-settings=\"{&quot;background_background&quot;:&quot;classic&quot;,&quot;background_motion_fx_motion_fx_scrolling&quot;:&quot;yes&quot;,&quot;background_motion_fx_translateY_effect&quot;:&quot;yes&quot;,&quot;background_motion_fx_translateY_speed&quot;:{&quot;unit&quot;:&quot;px&quot;,&quot;size&quot;:4,&quot;sizes&quot;:[]},&quot;background_motion_fx_translateY_affectedRange&quot;:{&quot;unit&quot;:&quot;%&quot;,&quot;size&quot;:&quot;&quot;,&quot;sizes&quot;:{&quot;start&quot;:0,&quot;end&quot;:100}},&quot;background_motion_fx_devices&quot;:[&quot;desktop&quot;,&quot;laptop&quot;,&quot;tablet&quot;,&quot;mobile&quot;]}\">\n\t\t\t\t\t\t<div class=\"elementor-container elementor-column-gap-default\">\n\t\t\t\t\t<div class=\"elementor-column elementor-col-100 elementor-top-column elementor-element elementor-element-ea34466\" data-id=\"ea34466\" data-element_type=\"column\" data-e-type=\"column\" data-settings=\"{&quot;background_background&quot;:&quot;classic&quot;}\">\n\t\t\t<div class=\"elementor-widget-wrap elementor-element-populated\">\n\t\t\t\t\t\t<div class=\"elementor-element elementor-element-9869df8 elementor-widget elementor-widget-heading\" data-id=\"9869df8\" data-element_type=\"widget\" data-e-type=\"widget\" data-widget_type=\"heading.default\">\n\t\t\t\t<div class=\"elementor-widget-container\">\n\t\t\t\t\t<h1 class=\"elementor-heading-title elementor-size-default\">Filtres migraine et confort.<\/h1>\t\t\t\t<\/div>\n\t\t\t\t<\/div>\n\t\t\t\t<div class=\"elementor-element elementor-element-7bfe921 elementor-widget elementor-widget-heading\" data-id=\"7bfe921\" data-element_type=\"widget\" data-e-type=\"widget\" data-widget_type=\"heading.default\">\n\t\t\t\t<div class=\"elementor-widget-container\">\n\t\t\t\t\t<h2 class=\"elementor-heading-title elementor-size-default\">FILTRES CALM<\/h2>\t\t\t\t<\/div>\n\t\t\t\t<\/div>\n\t\t\t\t\t<\/div>\n\t\t<\/div>\n\t\t\t\t\t<\/div>\n\t\t<\/section>\n\t\t\t\t<section class=\"elementor-section elementor-top-section elementor-element elementor-element-5bc51b3 elementor-section-boxed elementor-section-height-default elementor-section-height-default\" data-id=\"5bc51b3\" data-element_type=\"section\" data-e-type=\"section\" data-settings=\"{&quot;background_background&quot;:&quot;classic&quot;}\">\n\t\t\t\t\t\t<div class=\"elementor-container elementor-column-gap-default\">\n\t\t\t\t\t<div class=\"elementor-column elementor-col-100 elementor-top-column elementor-element elementor-element-ac4c19d\" data-id=\"ac4c19d\" data-element_type=\"column\" data-e-type=\"column\">\n\t\t\t<div class=\"elementor-widget-wrap elementor-element-populated\">\n\t\t\t\t\t\t<div class=\"elementor-element elementor-element-341ac66 elementor-widget elementor-widget-text-editor\" data-id=\"341ac66\" data-element_type=\"widget\" data-e-type=\"widget\" data-widget_type=\"text-editor.default\">\n\t\t\t\t<div class=\"elementor-widget-container\">\n\t\t\t\t\t\t\t\t\tLa photophobie, ou sensibilit\u00e9 accrue \u00e0 la lumi\u00e8re, est un sympt\u00f4me fr\u00e9quent chez les patients migraineux. Des verres filtrants sp\u00e9cifiques ont \u00e9t\u00e9 d\u00e9velopp\u00e9s pour contribuer \u00e0 r\u00e9duire l\u2019inconfort visuel en modulant l\u2019exposition \u00e0 certaines longueurs d\u2019onde lumineuses susceptibles d\u2019accentuer la sensibilit\u00e9 \u00e0 la lumi\u00e8re. \t\t\t\t\t\t\t\t<\/div>\n\t\t\t\t<\/div>\n\t\t\t\t\t<\/div>\n\t\t<\/div>\n\t\t\t\t\t<\/div>\n\t\t<\/section>\n\t\t\t\t<section class=\"elementor-section elementor-top-section elementor-element elementor-element-bc14132 elementor-reverse-tablet elementor-reverse-mobile elementor-section-boxed elementor-section-height-default elementor-section-height-default\" data-id=\"bc14132\" data-element_type=\"section\" data-e-type=\"section\" data-settings=\"{&quot;background_background&quot;:&quot;classic&quot;}\">\n\t\t\t\t\t\t<div class=\"elementor-container elementor-column-gap-default\">\n\t\t\t\t\t<div class=\"elementor-column elementor-col-100 elementor-top-column elementor-element elementor-element-484fee5\" data-id=\"484fee5\" data-element_type=\"column\" data-e-type=\"column\">\n\t\t\t<div class=\"elementor-widget-wrap elementor-element-populated\">\n\t\t\t\t\t\t<div class=\"elementor-element elementor-element-8ae6784 elementor-widget elementor-widget-heading\" data-id=\"8ae6784\" data-element_type=\"widget\" data-e-type=\"widget\" data-widget_type=\"heading.default\">\n\t\t\t\t<div class=\"elementor-widget-container\">\n\t\t\t\t\t<h2 class=\"elementor-heading-title elementor-size-default\">Comprendre le fonctionnement<\/h2>\t\t\t\t<\/div>\n\t\t\t\t<\/div>\n\t\t\t\t<div class=\"elementor-element elementor-element-046ac71 elementor-widget elementor-widget-heading\" data-id=\"046ac71\" data-element_type=\"widget\" data-e-type=\"widget\" data-widget_type=\"heading.default\">\n\t\t\t\t<div class=\"elementor-widget-container\">\n\t\t\t\t\t<h3 class=\"elementor-heading-title elementor-size-default\">M\u00e9canisme d'action des verres filtrants<\/h3>\t\t\t\t<\/div>\n\t\t\t\t<\/div>\n\t\t\t\t<div class=\"elementor-element elementor-element-3f24b93 elementor-widget elementor-widget-text-editor\" data-id=\"3f24b93\" data-element_type=\"widget\" data-e-type=\"widget\" data-widget_type=\"text-editor.default\">\n\t\t\t\t<div class=\"elementor-widget-container\">\n\t\t\t\t\t\t\t\t\t<p><span style=\"color: var( --e-global-color-primary ); font-family: var( --e-global-typography-text-font-family ), Sans-serif; font-size: var( --e-global-typography-text-font-size ); font-weight: var( --e-global-typography-text-font-weight ); background-color: var( --e-global-color-65cfa02 );\">Ces verres sont con\u00e7us pour filtrer s\u00e9lectivement certaines longueurs d&#8217;onde de la lumi\u00e8re visibles (autour de 480nm), notamment dans les spectres  <\/span><span style=\"font-family: var( --e-global-typography-text-font-family ), Sans-serif; font-size: var( --e-global-typography-text-font-size );\">bleu et vert, identifi\u00e9es comme particuli\u00e8rement g\u00eanantes pour les individus sensibles \u00e0 la lumi\u00e8re. En bloquant ces longueurs d&#8217;onde sp\u00e9cifiques, les verres r\u00e9duisent l&#8217;\u00e9blouissement et le stress visuel, sans pour autant assombrir excessivement la vision, contrairement aux lunettes de soleil traditionnelles. <\/span><\/p>\t\t\t\t\t\t\t\t<\/div>\n\t\t\t\t<\/div>\n\t\t\t\t\t<\/div>\n\t\t<\/div>\n\t\t\t\t\t<\/div>\n\t\t<\/section>\n\t\t\t\t<section class=\"elementor-section elementor-top-section elementor-element elementor-element-7fb3bb3 elementor-reverse-tablet elementor-reverse-mobile elementor-section-boxed elementor-section-height-default elementor-section-height-default\" data-id=\"7fb3bb3\" data-element_type=\"section\" data-e-type=\"section\" data-settings=\"{&quot;background_background&quot;:&quot;classic&quot;}\">\n\t\t\t\t\t\t<div class=\"elementor-container elementor-column-gap-default\">\n\t\t\t\t\t<div class=\"elementor-column elementor-col-50 elementor-top-column elementor-element elementor-element-cffd2d3\" data-id=\"cffd2d3\" data-element_type=\"column\" data-e-type=\"column\">\n\t\t\t<div class=\"elementor-widget-wrap elementor-element-populated\">\n\t\t\t\t\t\t<div class=\"elementor-element elementor-element-bb19bf7 elementor-widget elementor-widget-heading\" data-id=\"bb19bf7\" data-element_type=\"widget\" data-e-type=\"widget\" data-widget_type=\"heading.default\">\n\t\t\t\t<div class=\"elementor-widget-container\">\n\t\t\t\t\t<h3 class=\"elementor-heading-title elementor-size-default\">Origine de la photosensibilit\u00e9<\/h3>\t\t\t\t<\/div>\n\t\t\t\t<\/div>\n\t\t\t\t<div class=\"elementor-element elementor-element-f4a9768 elementor-widget elementor-widget-text-editor\" data-id=\"f4a9768\" data-element_type=\"widget\" data-e-type=\"widget\" data-widget_type=\"text-editor.default\">\n\t\t\t\t<div class=\"elementor-widget-container\">\n\t\t\t\t\t\t\t\t\t<p><span style=\"color: var( --e-global-color-primary ); font-family: var( --e-global-typography-text-font-family ), Sans-serif; font-size: var( --e-global-typography-text-font-size ); font-weight: var( --e-global-typography-text-font-weight ); background-color: var( --e-global-color-65cfa02 );\">Certaines cellules ganglionnaires r\u00e9tiniennes, appel\u00e9es ipRGCs (intrinsically photosensitive Retinal Ganglion Cells), r\u00e9agissent particuli\u00e8rement aux longueurs d\u2019onde sp\u00e9cifiques de la lumi\u00e8re. &nbsp;<\/span>Ces cellules, en plus des b\u00e2tonnets et des c\u00f4nes, constituent une troisi\u00e8me voie de perception lumineuse. Contrairement aux autres photor\u00e9cepteurs, elles ne participent pas \u00e0 la formation des images, mais per\u00e7oivent l\u2019intensit\u00e9 lumineuse de l\u2019environnement gr\u00e2ce \u00e0 un pigment appel\u00e9 m\u00e9lanopsine. Cette particularit\u00e9 joue un r\u00f4le cl\u00e9 dans la photophobie et l\u2019hypersensibilit\u00e9 \u00e0 la lumi\u00e8re. De plus, les ipRGCs fonctionnent ind\u00e9pendamment des autres cellules visuelles, ce qui explique pourquoi certaines personnes atteintes de c\u00e9cit\u00e9 totale peuvent tout de m\u00eame souffrir de photophobie.   <\/p>\t\t\t\t\t\t\t\t<\/div>\n\t\t\t\t<\/div>\n\t\t\t\t\t<\/div>\n\t\t<\/div>\n\t\t\t\t<div class=\"elementor-column elementor-col-50 elementor-top-column elementor-element elementor-element-8a2ea83\" data-id=\"8a2ea83\" data-element_type=\"column\" data-e-type=\"column\">\n\t\t\t<div class=\"elementor-widget-wrap elementor-element-populated\">\n\t\t\t\t\t\t<div class=\"elementor-element elementor-element-bf20649 elementor-widget elementor-widget-image\" data-id=\"bf20649\" data-element_type=\"widget\" data-e-type=\"widget\" data-settings=\"{&quot;motion_fx_motion_fx_scrolling&quot;:&quot;yes&quot;,&quot;motion_fx_translateY_effect&quot;:&quot;yes&quot;,&quot;motion_fx_translateY_direction&quot;:&quot;negative&quot;,&quot;motion_fx_translateY_speed&quot;:{&quot;unit&quot;:&quot;px&quot;,&quot;size&quot;:0.40000000000000002220446049250313080847263336181640625,&quot;sizes&quot;:[]},&quot;motion_fx_translateY_affectedRange&quot;:{&quot;unit&quot;:&quot;%&quot;,&quot;size&quot;:&quot;&quot;,&quot;sizes&quot;:{&quot;start&quot;:0,&quot;end&quot;:100}},&quot;motion_fx_devices&quot;:[&quot;desktop&quot;,&quot;laptop&quot;,&quot;tablet&quot;,&quot;mobile&quot;]}\" data-widget_type=\"image.default\">\n\t\t\t\t<div class=\"elementor-widget-container\">\n\t\t\t\t\t\t\t\t\t\t\t\t\t\t\t<img fetchpriority=\"high\" decoding=\"async\" width=\"800\" height=\"534\" src=\"https:\/\/eyetech.ch\/wp-content\/uploads\/2025\/04\/P1241371-1.jpg\" class=\"attachment-large size-large wp-image-6058\" alt=\"\" srcset=\"https:\/\/eyetech.ch\/wp-content\/uploads\/2025\/04\/P1241371-1.jpg 1000w, https:\/\/eyetech.ch\/wp-content\/uploads\/2025\/04\/P1241371-1-300x200.jpg 300w, https:\/\/eyetech.ch\/wp-content\/uploads\/2025\/04\/P1241371-1-768x512.jpg 768w\" sizes=\"(max-width: 800px) 100vw, 800px\" \/>\t\t\t\t\t\t\t\t\t\t\t\t\t\t\t<\/div>\n\t\t\t\t<\/div>\n\t\t\t\t\t<\/div>\n\t\t<\/div>\n\t\t\t\t\t<\/div>\n\t\t<\/section>\n\t\t\t\t<section class=\"elementor-section elementor-top-section elementor-element elementor-element-57136c3 elementor-section-boxed elementor-section-height-default elementor-section-height-default\" data-id=\"57136c3\" data-element_type=\"section\" data-e-type=\"section\" data-settings=\"{&quot;background_background&quot;:&quot;classic&quot;}\">\n\t\t\t\t\t\t<div class=\"elementor-container elementor-column-gap-default\">\n\t\t\t\t\t<div class=\"elementor-column elementor-col-50 elementor-top-column elementor-element elementor-element-70520e2\" data-id=\"70520e2\" data-element_type=\"column\" data-e-type=\"column\">\n\t\t\t<div class=\"elementor-widget-wrap elementor-element-populated\">\n\t\t\t\t\t\t<div class=\"elementor-element elementor-element-9dca13d elementor-widget elementor-widget-image\" data-id=\"9dca13d\" data-element_type=\"widget\" data-e-type=\"widget\" data-settings=\"{&quot;motion_fx_motion_fx_scrolling&quot;:&quot;yes&quot;,&quot;motion_fx_translateY_effect&quot;:&quot;yes&quot;,&quot;motion_fx_translateY_direction&quot;:&quot;negative&quot;,&quot;motion_fx_translateY_speed&quot;:{&quot;unit&quot;:&quot;px&quot;,&quot;size&quot;:0.40000000000000002220446049250313080847263336181640625,&quot;sizes&quot;:[]},&quot;motion_fx_translateY_affectedRange&quot;:{&quot;unit&quot;:&quot;%&quot;,&quot;size&quot;:&quot;&quot;,&quot;sizes&quot;:{&quot;start&quot;:0,&quot;end&quot;:100}},&quot;motion_fx_devices&quot;:[&quot;desktop&quot;,&quot;laptop&quot;,&quot;tablet&quot;,&quot;mobile&quot;]}\" data-widget_type=\"image.default\">\n\t\t\t\t<div class=\"elementor-widget-container\">\n\t\t\t\t\t\t\t\t\t\t\t\t\t\t\t<img decoding=\"async\" width=\"800\" height=\"534\" src=\"https:\/\/eyetech.ch\/wp-content\/uploads\/2025\/04\/P1229317-9.jpg\" class=\"attachment-large size-large wp-image-6056\" alt=\"\" srcset=\"https:\/\/eyetech.ch\/wp-content\/uploads\/2025\/04\/P1229317-9.jpg 1000w, https:\/\/eyetech.ch\/wp-content\/uploads\/2025\/04\/P1229317-9-300x200.jpg 300w, https:\/\/eyetech.ch\/wp-content\/uploads\/2025\/04\/P1229317-9-768x512.jpg 768w\" sizes=\"(max-width: 800px) 100vw, 800px\" \/>\t\t\t\t\t\t\t\t\t\t\t\t\t\t\t<\/div>\n\t\t\t\t<\/div>\n\t\t\t\t\t<\/div>\n\t\t<\/div>\n\t\t\t\t<div class=\"elementor-column elementor-col-50 elementor-top-column elementor-element elementor-element-b4ad951\" data-id=\"b4ad951\" data-element_type=\"column\" data-e-type=\"column\">\n\t\t\t<div class=\"elementor-widget-wrap elementor-element-populated\">\n\t\t\t\t\t\t<div class=\"elementor-element elementor-element-62ba8c5 elementor-widget elementor-widget-heading\" data-id=\"62ba8c5\" data-element_type=\"widget\" data-e-type=\"widget\" data-widget_type=\"heading.default\">\n\t\t\t\t<div class=\"elementor-widget-container\">\n\t\t\t\t\t<h3 class=\"elementor-heading-title elementor-size-default\">Efficacit\u00e9 clinique<\/h3>\t\t\t\t<\/div>\n\t\t\t\t<\/div>\n\t\t\t\t<div class=\"elementor-element elementor-element-da55209 elementor-widget elementor-widget-text-editor\" data-id=\"da55209\" data-element_type=\"widget\" data-e-type=\"widget\" data-widget_type=\"text-editor.default\">\n\t\t\t\t<div class=\"elementor-widget-container\">\n\t\t\t\t\t\t\t\t\t<p><span style=\"color: var( --e-global-color-primary ); font-family: var( --e-global-typography-text-font-family ), Sans-serif; font-size: var( --e-global-typography-text-font-size ); font-weight: var( --e-global-typography-text-font-weight ); background-color: var( --e-global-color-65cfa02 );\">Les verres filtrants sp\u00e9cifiques (FL-41) ont montr\u00e9 une efficacit\u00e9 notable dans la r\u00e9duction de la sensibilit\u00e9 \u00e0 la lumi\u00e8re <\/span>chez les patients migraineux. En filtrant s\u00e9lectivement certaines longueurs d\u2019onde, ils diminuent l\u2019\u00e9blouissement, r\u00e9duisent la fatigue visuelle et am\u00e9liorent le confort au quotidien. Leur utilisation permet ainsi de limiter l\u2019impact de la photophobie sur les activit\u00e9s courantes, comme le travail sur \u00e9cran ou l\u2019exposition \u00e0 un \u00e9clairage artificiel intense.  <\/p>\t\t\t\t\t\t\t\t<\/div>\n\t\t\t\t<\/div>\n\t\t\t\t<div class=\"elementor-element elementor-element-077bc77 elementor-widget__width-auto elementor-widget elementor-widget-button\" data-id=\"077bc77\" data-element_type=\"widget\" data-e-type=\"widget\" data-widget_type=\"button.default\">\n\t\t\t\t<div class=\"elementor-widget-container\">\n\t\t\t\t\t\t\t\t\t<div class=\"elementor-button-wrapper\">\n\t\t\t\t\t<a class=\"elementor-button elementor-button-link elementor-size-sm\" href=\"https:\/\/pmc.ncbi.nlm.nih.gov\/articles\/PMC10939838\/\" target=\"_blank\">\n\t\t\t\t\t\t<span class=\"elementor-button-content-wrapper\">\n\t\t\t\t\t\t\t\t\t<span class=\"elementor-button-text\">\u00c9tude scientifique 1<\/span>\n\t\t\t\t\t<\/span>\n\t\t\t\t\t<\/a>\n\t\t\t\t<\/div>\n\t\t\t\t\t\t\t\t<\/div>\n\t\t\t\t<\/div>\n\t\t\t\t<div class=\"elementor-element elementor-element-672a4b7 elementor-widget__width-auto elementor-widget elementor-widget-button\" data-id=\"672a4b7\" data-element_type=\"widget\" data-e-type=\"widget\" data-widget_type=\"button.default\">\n\t\t\t\t<div class=\"elementor-widget-container\">\n\t\t\t\t\t\t\t\t\t<div class=\"elementor-button-wrapper\">\n\t\t\t\t\t<a class=\"elementor-button elementor-button-link elementor-size-sm\" href=\"https:\/\/pmc.ncbi.nlm.nih.gov\/articles\/PMC2701948\/\" target=\"_blank\">\n\t\t\t\t\t\t<span class=\"elementor-button-content-wrapper\">\n\t\t\t\t\t\t\t\t\t<span class=\"elementor-button-text\">\u00c9tude scientifique 2<\/span>\n\t\t\t\t\t<\/span>\n\t\t\t\t\t<\/a>\n\t\t\t\t<\/div>\n\t\t\t\t\t\t\t\t<\/div>\n\t\t\t\t<\/div>\n\t\t\t\t\t<\/div>\n\t\t<\/div>\n\t\t\t\t\t<\/div>\n\t\t<\/section>\n\t\t\t\t<section class=\"elementor-section elementor-top-section elementor-element elementor-element-73b1a04 elementor-section-boxed elementor-section-height-default elementor-section-height-default\" data-id=\"73b1a04\" data-element_type=\"section\" data-e-type=\"section\" data-settings=\"{&quot;background_background&quot;:&quot;classic&quot;}\">\n\t\t\t\t\t\t<div class=\"elementor-container elementor-column-gap-default\">\n\t\t\t\t\t<div class=\"elementor-column elementor-col-50 elementor-top-column elementor-element elementor-element-d6aa91d\" data-id=\"d6aa91d\" data-element_type=\"column\" data-e-type=\"column\">\n\t\t\t<div class=\"elementor-widget-wrap elementor-element-populated\">\n\t\t\t\t\t\t<div class=\"elementor-element elementor-element-f6390ea elementor-widget elementor-widget-heading\" data-id=\"f6390ea\" data-element_type=\"widget\" data-e-type=\"widget\" data-widget_type=\"heading.default\">\n\t\t\t\t<div class=\"elementor-widget-container\">\n\t\t\t\t\t<h3 class=\"elementor-heading-title elementor-size-default\">Options disponibles<\/h3>\t\t\t\t<\/div>\n\t\t\t\t<\/div>\n\t\t\t\t<div class=\"elementor-element elementor-element-3c04243 elementor-widget elementor-widget-text-editor\" data-id=\"3c04243\" data-element_type=\"widget\" data-e-type=\"widget\" data-widget_type=\"text-editor.default\">\n\t\t\t\t<div class=\"elementor-widget-container\">\n\t\t\t\t\t\t\t\t\t<p>Les verres filtrants contre la migraine existent en trois teintes standard : 30 %, 50 % et 75 %. Ces variations permettent d\u2019adapter la protection \u00e0 la sensibilit\u00e9 lumineuse de chaque patient et \u00e0 son environnement. Eyetech a d\u00e9velopp\u00e9 les filtres CALM, bas\u00e9 sur ce principe, avec trois niveaux d\u2019absorption optimis\u00e9s (PALE, MUTE, DEEP) pour s\u2019int\u00e9grer naturellement dans le quotidien des porteurs. En compl\u00e9ment, un traitement anti-reflet sp\u00e9cifique peut \u00eatre appliqu\u00e9 pour r\u00e9duire les reflets g\u00eanants et att\u00e9nuer l\u2019impact des lumi\u00e8res bleues artificielles, offrant ainsi un meilleur confort visuel au quotidien.   <\/p>\t\t\t\t\t\t\t\t<\/div>\n\t\t\t\t<\/div>\n\t\t\t\t<div class=\"elementor-element elementor-element-30b9568 elementor-widget elementor-widget-heading\" data-id=\"30b9568\" data-element_type=\"widget\" data-e-type=\"widget\" data-widget_type=\"heading.default\">\n\t\t\t\t<div class=\"elementor-widget-container\">\n\t\t\t\t\t<h3 class=\"elementor-heading-title elementor-size-default\">Nos recommandations<\/h3>\t\t\t\t<\/div>\n\t\t\t\t<\/div>\n\t\t\t\t<div class=\"elementor-element elementor-element-a322976 elementor-widget elementor-widget-text-editor\" data-id=\"a322976\" data-element_type=\"widget\" data-e-type=\"widget\" data-widget_type=\"text-editor.default\">\n\t\t\t\t<div class=\"elementor-widget-container\">\n\t\t\t\t\t\t\t\t\t<p>Lors de la prise en charge de patients souffrant de migraines associ\u00e9es \u00e0 une photophobie, les filtres CALM offrent une solution pour apporter un confort suppl\u00e9mentaire aux personnes concern\u00e9es. Une \u00e9valuation pr\u00e9cise de la sensibilit\u00e9 lumineuse du patient aidera \u00e0 d\u00e9terminer la teinte et l\u2019intensit\u00e9 de filtration les plus adapt\u00e9es. Il est \u00e9galement essentiel de rappeler que la photophobie peut \u00eatre exacerb\u00e9e par une correction visuelle inadapt\u00e9e : une r\u00e9fraction pr\u00e9cise constitue donc d\u00e9j\u00e0 une partie de la solution. En compl\u00e9ment, il est recommand\u00e9 d\u2019expliquer aux patients l\u2019int\u00e9r\u00eat des filtres et de les accompagner dans leur adaptation. Une p\u00e9riode d\u2019essai peut s\u2019av\u00e9rer utile pour \u00e9valuer leur efficacit\u00e9 dans diff\u00e9rentes conditions d\u2019\u00e9clairage.    <\/p><p><br>En conclusion, les verres filtrants repr\u00e9sentent une intervention non pharmacologique prometteuse pour r\u00e9duire la photophobie chez les patients migraineux, am\u00e9liorant ainsi leur qualit\u00e9 de vie et leur confort visuel au quotidien.<\/p>\t\t\t\t\t\t\t\t<\/div>\n\t\t\t\t<\/div>\n\t\t\t\t\t<\/div>\n\t\t<\/div>\n\t\t\t\t<div class=\"elementor-column elementor-col-50 elementor-top-column elementor-element elementor-element-c82fae0\" data-id=\"c82fae0\" data-element_type=\"column\" data-e-type=\"column\">\n\t\t\t<div class=\"elementor-widget-wrap elementor-element-populated\">\n\t\t\t\t\t\t<div class=\"elementor-element elementor-element-9456144 elementor-widget elementor-widget-image\" data-id=\"9456144\" data-element_type=\"widget\" data-e-type=\"widget\" data-widget_type=\"image.default\">\n\t\t\t\t<div class=\"elementor-widget-container\">\n\t\t\t\t\t\t\t\t\t\t\t\t\t\t\t<img decoding=\"async\" width=\"307\" height=\"354\" src=\"https:\/\/eyetech.ch\/wp-content\/uploads\/2025\/04\/CALM-KAMPAGNE-FARBE.png\" class=\"attachment-full size-full wp-image-6151\" alt=\"\" srcset=\"https:\/\/eyetech.ch\/wp-content\/uploads\/2025\/04\/CALM-KAMPAGNE-FARBE.png 307w, https:\/\/eyetech.ch\/wp-content\/uploads\/2025\/04\/CALM-KAMPAGNE-FARBE-260x300.png 260w\" sizes=\"(max-width: 307px) 100vw, 307px\" \/>\t\t\t\t\t\t\t\t\t\t\t\t\t\t\t<\/div>\n\t\t\t\t<\/div>\n\t\t\t\t<div class=\"elementor-element elementor-element-1e0a09d elementor-widget elementor-widget-image\" data-id=\"1e0a09d\" data-element_type=\"widget\" data-e-type=\"widget\" data-widget_type=\"image.default\">\n\t\t\t\t<div class=\"elementor-widget-container\">\n\t\t\t\t\t\t\t\t\t\t\t\t\t\t\t<img loading=\"lazy\" decoding=\"async\" width=\"307\" height=\"354\" src=\"https:\/\/eyetech.ch\/wp-content\/uploads\/2025\/04\/CALM-KAMPAGNE-FARBE2.png\" class=\"attachment-full size-full wp-image-6153\" alt=\"\" srcset=\"https:\/\/eyetech.ch\/wp-content\/uploads\/2025\/04\/CALM-KAMPAGNE-FARBE2.png 307w, https:\/\/eyetech.ch\/wp-content\/uploads\/2025\/04\/CALM-KAMPAGNE-FARBE2-260x300.png 260w\" sizes=\"(max-width: 307px) 100vw, 307px\" \/>\t\t\t\t\t\t\t\t\t\t\t\t\t\t\t<\/div>\n\t\t\t\t<\/div>\n\t\t\t\t<div class=\"elementor-element elementor-element-97cbce1 elementor-widget elementor-widget-image\" data-id=\"97cbce1\" data-element_type=\"widget\" data-e-type=\"widget\" data-widget_type=\"image.default\">\n\t\t\t\t<div class=\"elementor-widget-container\">\n\t\t\t\t\t\t\t\t\t\t\t\t\t\t\t<img loading=\"lazy\" decoding=\"async\" width=\"307\" height=\"354\" src=\"https:\/\/eyetech.ch\/wp-content\/uploads\/2025\/05\/CALM-KAMPAGNE-FARBE3.png\" class=\"attachment-full size-full wp-image-6194\" alt=\"\" srcset=\"https:\/\/eyetech.ch\/wp-content\/uploads\/2025\/05\/CALM-KAMPAGNE-FARBE3.png 307w, https:\/\/eyetech.ch\/wp-content\/uploads\/2025\/05\/CALM-KAMPAGNE-FARBE3-260x300.png 260w\" sizes=\"(max-width: 307px) 100vw, 307px\" \/>\t\t\t\t\t\t\t\t\t\t\t\t\t\t\t<\/div>\n\t\t\t\t<\/div>\n\t\t\t\t\t<\/div>\n\t\t<\/div>\n\t\t\t\t\t<\/div>\n\t\t<\/section>\n\t\t\t\t<section class=\"elementor-section elementor-top-section elementor-element elementor-element-c16a0d4 elementor-section-boxed elementor-section-height-default elementor-section-height-default\" data-id=\"c16a0d4\" data-element_type=\"section\" data-e-type=\"section\" data-settings=\"{&quot;background_background&quot;:&quot;classic&quot;}\">\n\t\t\t\t\t\t<div class=\"elementor-container elementor-column-gap-default\">\n\t\t\t\t\t<div class=\"elementor-column elementor-col-100 elementor-top-column elementor-element elementor-element-7ab6b7f\" data-id=\"7ab6b7f\" data-element_type=\"column\" data-e-type=\"column\">\n\t\t\t<div class=\"elementor-widget-wrap elementor-element-populated\">\n\t\t\t\t\t\t<div class=\"elementor-element elementor-element-2357341 elementor-widget elementor-widget-heading\" data-id=\"2357341\" data-element_type=\"widget\" data-e-type=\"widget\" data-widget_type=\"heading.default\">\n\t\t\t\t<div class=\"elementor-widget-container\">\n\t\t\t\t\t<h2 class=\"elementor-heading-title elementor-size-default\">INTERVIEW<\/h2>\t\t\t\t<\/div>\n\t\t\t\t<\/div>\n\t\t\t\t<div class=\"elementor-element elementor-element-8ee481f elementor-widget elementor-widget-text-editor\" data-id=\"8ee481f\" data-element_type=\"widget\" data-e-type=\"widget\" data-widget_type=\"text-editor.default\">\n\t\t\t\t<div class=\"elementor-widget-container\">\n\t\t\t\t\t\t\t\t\t<p>Entretien avec un sp\u00e9cialiste : Philippe P\u00e9dat, Optom\u00e9triste, Centre Ophtalmologique de Rive, Gen\u00e8ve<\/p>\t\t\t\t\t\t\t\t<\/div>\n\t\t\t\t<\/div>\n\t\t\t\t<div class=\"elementor-element elementor-element-3b64b15 elementor-widget elementor-widget-text-editor\" data-id=\"3b64b15\" data-element_type=\"widget\" data-e-type=\"widget\" data-widget_type=\"text-editor.default\">\n\t\t\t\t<div class=\"elementor-widget-container\">\n\t\t\t\t\t\t\t\t\t<p>Les \u00e9tudes et avanc\u00e9es technologiques \u00e9clairent l\u2019impact de la lumi\u00e8re sur la photophobie et la migraine, mais l\u2019exp\u00e9rience du terrain reste essentielle. Philippe P\u00e9dat, qui travaille avec ces filtres depuis une dizaine d\u2019ann\u00e9es, partage ses observations et conseils pour mieux accompagner les patients.  <br><br>Philippe P\u00e9dat explique qu\u2019il est important d\u2019\u00e9valuer pr\u00e9cis\u00e9ment la sensibilit\u00e9 \u00e0 la lumi\u00e8re de chaque patient afin de choisir le bon filtre. Il recommande d\u2019accompagner les patients pendant la phase d\u2019adaptation pour s\u2019assurer que les filtres sont bien utilis\u00e9s. Une phase de test dans diff\u00e9rentes conditions de luminosit\u00e9 peut aider \u00e0 trouver la meilleure solution. Il souligne \u00e9galement qu\u2019il est essentiel d\u2019expliquer aux patients l\u2019utilit\u00e9 des filtres pour qu\u2019ils comprennent mieux le traitement.<br>En r\u00e9sum\u00e9, il affirme que les verres filtrants sont une aide pr\u00e9cieuse pour les patients migraineux souffrant de photophobie et qu\u2019ils peuvent nettement am\u00e9liorer leur quotidien.    <\/p>\t\t\t\t\t\t\t\t<\/div>\n\t\t\t\t<\/div>\n\t\t\t\t\t<\/div>\n\t\t<\/div>\n\t\t\t\t\t<\/div>\n\t\t<\/section>\n\t\t\t\t<section class=\"elementor-section elementor-top-section elementor-element elementor-element-4aa2942 elementor-reverse-tablet elementor-reverse-mobile elementor-section-boxed elementor-section-height-default elementor-section-height-default\" data-id=\"4aa2942\" data-element_type=\"section\" data-e-type=\"section\" data-settings=\"{&quot;background_background&quot;:&quot;classic&quot;}\">\n\t\t\t\t\t\t<div class=\"elementor-container elementor-column-gap-default\">\n\t\t\t\t\t<div class=\"elementor-column elementor-col-100 elementor-top-column elementor-element elementor-element-d0fffc2\" data-id=\"d0fffc2\" data-element_type=\"column\" data-e-type=\"column\">\n\t\t\t<div class=\"elementor-widget-wrap elementor-element-populated\">\n\t\t\t\t\t\t<div class=\"elementor-element elementor-element-0f255e0 elementor-widget elementor-widget-heading\" data-id=\"0f255e0\" data-element_type=\"widget\" data-e-type=\"widget\" data-widget_type=\"heading.default\">\n\t\t\t\t<div class=\"elementor-widget-container\">\n\t\t\t\t\t<h3 class=\"elementor-heading-title elementor-size-default\">Pouvez-vous nous parler de votre premi\u00e8re exp\u00e9rience r\u00e9ussie avec les filtres FL-41 ?\n<\/h3>\t\t\t\t<\/div>\n\t\t\t\t<\/div>\n\t\t\t\t<div class=\"elementor-element elementor-element-f29d444 elementor-widget elementor-widget-text-editor\" data-id=\"f29d444\" data-element_type=\"widget\" data-e-type=\"widget\" data-widget_type=\"text-editor.default\">\n\t\t\t\t<div class=\"elementor-widget-container\">\n\t\t\t\t\t\t\t\t\tJ\u2019ai eu l\u2019occasion de tester pour la premi\u00e8re fois les filtres FL-41 sur un patient, hockeyeur de haut niveau, victime pour la troisi\u00e8me fois d\u2019une commotion c\u00e9r\u00e9brale. Apr\u00e8s notre protocole de s\u00e9lection, nous lui avons pr\u00eat\u00e9 une applique de type CALM MUTE pendant 10 jours. Le patient a rapidement constat\u00e9 une diminution de ses maux de t\u00eate. Il est \u00e9galement suivi par diff\u00e9rents m\u00e9decins. Il porte les filtres en journ\u00e9e, mais pas lors de ses entra\u00eenements ou matchs, pour des raisons \u00e9videntes. La pratique nous permet d\u2019observer que les maux de t\u00eate et la photophobie cons\u00e9cutifs \u00e0 une commotion c\u00e9r\u00e9brale ont tendance \u00e0 fortement diminuer (et souvent \u00e0 dispara\u00eetre) au-del\u00e0 des six mois suivant l\u2019incident. L\u2019utilisation d\u2019un filtre adapt\u00e9 permet ainsi de mieux vivre cette p\u00e9riode de transition.     \t\t\t\t\t\t\t\t<\/div>\n\t\t\t\t<\/div>\n\t\t\t\t<div class=\"elementor-element elementor-element-bc96728 elementor-widget elementor-widget-heading\" data-id=\"bc96728\" data-element_type=\"widget\" data-e-type=\"widget\" data-widget_type=\"heading.default\">\n\t\t\t\t<div class=\"elementor-widget-container\">\n\t\t\t\t\t<h3 class=\"elementor-heading-title elementor-size-default\">Quelles sont les personnes qui b\u00e9n\u00e9ficient particuli\u00e8rement d\u2019un tel filtre et comment choisissez-vous les candidats appropri\u00e9s selon votre propre exp\u00e9rience ?<\/h3>\t\t\t\t<\/div>\n\t\t\t\t<\/div>\n\t\t\t\t<div class=\"elementor-element elementor-element-5c4ab62 elementor-widget elementor-widget-text-editor\" data-id=\"5c4ab62\" data-element_type=\"widget\" data-e-type=\"widget\" data-widget_type=\"text-editor.default\">\n\t\t\t\t<div class=\"elementor-widget-container\">\n\t\t\t\t\t\t\t\t\tLa teinte FL-41 n\u2019est pas nouvelle. La litt\u00e9rature scientifique \u00e9voque depuis plusieurs ann\u00e9es ses bienfaits pour les personnes souffrant de migraines. Cependant, la qualit\u00e9 de fabrication, les traitements de surface et les param\u00e8tres RX disponibles chez Eyetech m\u2019ont s\u00e9duit. Dans notre centre, nous travaillons quotidiennement avec des personnes souffrant de photophobie et de tous les sympt\u00f4mes associ\u00e9s, tels que la migraine. Nous avons d\u00e9velopp\u00e9 un protocole tr\u00e8s pr\u00e9cis qui nous permet d\u2019identifier rapidement les teintes les plus apaisantes pour chaque patient. \u00c0 l\u2019issue de ce protocole, nous pouvons proposer une ou plusieurs teintes. Les verres Eyetech CALM font d\u00e9sormais partie de nos recommandations. Ces teintes sont particuli\u00e8rement efficaces dans les cas de migraines chroniques ou post-traumatiques.      \t\t\t\t\t\t\t\t<\/div>\n\t\t\t\t<\/div>\n\t\t\t\t<div class=\"elementor-element elementor-element-ea67a41 elementor-widget elementor-widget-heading\" data-id=\"ea67a41\" data-element_type=\"widget\" data-e-type=\"widget\" data-widget_type=\"heading.default\">\n\t\t\t\t<div class=\"elementor-widget-container\">\n\t\t\t\t\t<h3 class=\"elementor-heading-title elementor-size-default\">Comment expliquez-vous aux clients le fonctionnement de ces filtres ?\n<\/h3>\t\t\t\t<\/div>\n\t\t\t\t<\/div>\n\t\t\t\t<div class=\"elementor-element elementor-element-43254de elementor-widget elementor-widget-text-editor\" data-id=\"43254de\" data-element_type=\"widget\" data-e-type=\"widget\" data-widget_type=\"text-editor.default\">\n\t\t\t\t<div class=\"elementor-widget-container\">\n\t\t\t\t\t\t\t\t\tJe leur explique qu\u2019un filtre est un verre calibr\u00e9 pour couper avec pr\u00e9cision la longueur d\u2019onde susceptible d\u2019\u00eatre \u00e0 l\u2019origine de leurs troubles. Je les informe toutefois que la migraine peut \u00eatre d\u00e9clench\u00e9e par de nombreux facteurs et qu\u2019il est absolument indispensable d\u2019exclure toute cause m\u00e9dicale avant d\u2019envisager cette solution. Une consultation pr\u00e9alable chez un m\u00e9decin (ophtalmologue et\/ou g\u00e9n\u00e9raliste) est donc essentielle. Nous intervenons uniquement une fois ces v\u00e9rifications effectu\u00e9es.   \t\t\t\t\t\t\t\t<\/div>\n\t\t\t\t<\/div>\n\t\t\t\t<div class=\"elementor-element elementor-element-7abdfdd elementor-widget elementor-widget-heading\" data-id=\"7abdfdd\" data-element_type=\"widget\" data-e-type=\"widget\" data-widget_type=\"heading.default\">\n\t\t\t\t<div class=\"elementor-widget-container\">\n\t\t\t\t\t<h3 class=\"elementor-heading-title elementor-size-default\">Quelle recommandation donnez-vous \u00e0 vos patients pour l\u2019utilisation du filtre et comment se d\u00e9roule l\u2019accoutumance selon votre exp\u00e9rience ?<\/h3>\t\t\t\t<\/div>\n\t\t\t\t<\/div>\n\t\t\t\t<div class=\"elementor-element elementor-element-fd9ec97 elementor-widget elementor-widget-text-editor\" data-id=\"fd9ec97\" data-element_type=\"widget\" data-e-type=\"widget\" data-widget_type=\"text-editor.default\">\n\t\t\t\t<div class=\"elementor-widget-container\">\n\t\t\t\t\t\t\t\t\tJe les laisse assez libres d\u2019utiliser leur filtre comme ils le souhaitent. Avec plus de dix ans d\u2019exp\u00e9rience dans la prise en charge des probl\u00e8mes de photophobie, je n\u2019ai pas constat\u00e9 de ph\u00e9nom\u00e8ne de \u00ab d\u00e9pendance \u00bb aux filtres. Les personnes les portant toute la journ\u00e9e sont plut\u00f4t rares.  \t\t\t\t\t\t\t\t<\/div>\n\t\t\t\t<\/div>\n\t\t\t\t<div class=\"elementor-element elementor-element-831b075 elementor-widget elementor-widget-heading\" data-id=\"831b075\" data-element_type=\"widget\" data-e-type=\"widget\" data-widget_type=\"heading.default\">\n\t\t\t\t<div class=\"elementor-widget-container\">\n\t\t\t\t\t<h3 class=\"elementor-heading-title elementor-size-default\">Y a-t-il des restrictions (par ex. dans la vie quotidienne) ou des contre-indications \u00e0 l\u2019utilisation d\u2019un filtre FL-41 ?\n<\/h3>\t\t\t\t<\/div>\n\t\t\t\t<\/div>\n\t\t\t\t<div class=\"elementor-element elementor-element-2e7855f elementor-widget elementor-widget-text-editor\" data-id=\"2e7855f\" data-element_type=\"widget\" data-e-type=\"widget\" data-widget_type=\"text-editor.default\">\n\t\t\t\t<div class=\"elementor-widget-container\">\n\t\t\t\t\t\t\t\t\tQuelle que soit la couleur du filtre, il modifie la perception des couleurs. La teinte FL-41 alt\u00e8re peu cette perception, mais il est recommand\u00e9 aux patients de tester les diff\u00e9rentes intensit\u00e9s pour identifier d\u2019\u00e9ventuelles g\u00eanes selon les situations. Les intensit\u00e9s PALE et MUTE sont suffisamment claires pour une utilisation polyvalente. La teinte DEEP, en revanche, doit \u00eatre r\u00e9serv\u00e9e aux environnements tr\u00e8s lumineux.\nLa documentation technique d\u2019Eyetech pr\u00e9cise que la teinte CALM n\u2019est pas adapt\u00e9e \u00e0 la conduite.   \t\t\t\t\t\t\t\t<\/div>\n\t\t\t\t<\/div>\n\t\t\t\t<div class=\"elementor-element elementor-element-9dcb070 elementor-widget elementor-widget-heading\" data-id=\"9dcb070\" data-element_type=\"widget\" data-e-type=\"widget\" data-widget_type=\"heading.default\">\n\t\t\t\t<div class=\"elementor-widget-container\">\n\t\t\t\t\t<h3 class=\"elementor-heading-title elementor-size-default\">\u00c0 quoi faites-vous particuli\u00e8rement attention lors de la r\u00e9fraction et du choix des verres lorsque vous adaptez un filtre FL-41 ?\n<\/h3>\t\t\t\t<\/div>\n\t\t\t\t<\/div>\n\t\t\t\t<div class=\"elementor-element elementor-element-61f41ea elementor-widget elementor-widget-text-editor\" data-id=\"61f41ea\" data-element_type=\"widget\" data-e-type=\"widget\" data-widget_type=\"text-editor.default\">\n\t\t\t\t<div class=\"elementor-widget-container\">\n\t\t\t\t\t\t\t\t\tEn raison de la triade myosis, accommodation et convergence, toute utilisation de filtres absorbant une partie de la lumi\u00e8re doit s\u2019accompagner d\u2019un contr\u00f4le de la vision de pr\u00e8s, avec une adaptation \u00e9ventuelle<br>de la correction. De m\u00eame, pour les porteurs de lentilles progressives, un contr\u00f4le du visus \u00e0 distance est n\u00e9cessaire, en raison de la variation du diam\u00e8tre pupillaire. \t\t\t\t\t\t\t\t<\/div>\n\t\t\t\t<\/div>\n\t\t\t\t<div class=\"elementor-element elementor-element-cd314fa elementor-widget elementor-widget-heading\" data-id=\"cd314fa\" data-element_type=\"widget\" data-e-type=\"widget\" data-widget_type=\"heading.default\">\n\t\t\t\t<div class=\"elementor-widget-container\">\n\t\t\t\t\t<h3 class=\"elementor-heading-title elementor-size-default\">Quel est le retour d'information des porteurs ?\n<\/h3>\t\t\t\t<\/div>\n\t\t\t\t<\/div>\n\t\t\t\t<div class=\"elementor-element elementor-element-cc30c93 elementor-widget elementor-widget-text-editor\" data-id=\"cc30c93\" data-element_type=\"widget\" data-e-type=\"widget\" data-widget_type=\"text-editor.default\">\n\t\t\t\t<div class=\"elementor-widget-container\">\n\t\t\t\t\t\t\t\t\tLes premiers tests des filtres CALM sont tr\u00e8s prometteurs et les retours sont positifs.\n\t\t\t\t\t\t\t\t<\/div>\n\t\t\t\t<\/div>\n\t\t\t\t\t<\/div>\n\t\t<\/div>\n\t\t\t\t\t<\/div>\n\t\t<\/section>\n\t\t\t\t<\/div>\n\t\t","protected":false},"excerpt":{"rendered":"<p>Filtres migraine et confort. FILTRES CALM La photophobie, ou sensibilit\u00e9 accrue \u00e0 la lumi\u00e8re, est un sympt\u00f4me fr\u00e9quent chez les patients migraineux. Des verres filtrants sp\u00e9cifiques ont \u00e9t\u00e9 d\u00e9velopp\u00e9s pour contribuer \u00e0 r\u00e9duire l\u2019inconfort visuel en modulant l\u2019exposition \u00e0 certaines longueurs d\u2019onde lumineuses susceptibles d\u2019accentuer la sensibilit\u00e9 \u00e0 la lumi\u00e8re. Comprendre le fonctionnement M\u00e9canisme d&#8217;action [&hellip;]<\/p>\n","protected":false},"author":1,"featured_media":0,"parent":0,"menu_order":0,"comment_status":"closed","ping_status":"closed","template":"elementor_header_footer","meta":{"footnotes":""},"class_list":["post-6000","page","type-page","status-publish","hentry"],"_links":{"self":[{"href":"https:\/\/eyetech.ch\/fr\/wp-json\/wp\/v2\/pages\/6000","targetHints":{"allow":["GET"]}}],"collection":[{"href":"https:\/\/eyetech.ch\/fr\/wp-json\/wp\/v2\/pages"}],"about":[{"href":"https:\/\/eyetech.ch\/fr\/wp-json\/wp\/v2\/types\/page"}],"author":[{"embeddable":true,"href":"https:\/\/eyetech.ch\/fr\/wp-json\/wp\/v2\/users\/1"}],"replies":[{"embeddable":true,"href":"https:\/\/eyetech.ch\/fr\/wp-json\/wp\/v2\/comments?post=6000"}],"version-history":[{"count":16,"href":"https:\/\/eyetech.ch\/fr\/wp-json\/wp\/v2\/pages\/6000\/revisions"}],"predecessor-version":[{"id":6283,"href":"https:\/\/eyetech.ch\/fr\/wp-json\/wp\/v2\/pages\/6000\/revisions\/6283"}],"wp:attachment":[{"href":"https:\/\/eyetech.ch\/fr\/wp-json\/wp\/v2\/media?parent=6000"}],"curies":[{"name":"wp","href":"https:\/\/api.w.org\/{rel}","templated":true}]}}